{"id":54,"date":"2025-04-26T15:12:44","date_gmt":"2025-04-26T12:12:44","guid":{"rendered":"http:\/\/109.232.221.202\/frequently-asked-questions\/"},"modified":"2026-02-21T16:59:47","modified_gmt":"2026-02-21T13:59:47","slug":"sikca-sorulan-sorular","status":"publish","type":"page","link":"https:\/\/www.lunakas.com\/tr\/sikca-sorulan-sorular\/","title":{"rendered":"S\u0131k\u00e7a Sorulan Sorular"},"content":{"rendered":"        <div class=\"wp-block-hotelface-faq\">\n                        \n                        \n            <div id=\"accordion-69f5c96d520c1\" itemscope itemtype=\"https:\/\/schema.org\/FAQPage\">\n                            <div class=\"card p-3 border mb-3\" itemscope itemprop=\"mainEntity\" itemtype=\"https:\/\/schema.org\/Question\">\n                    <div id=\"heading_faq-542-69f5c96d52100\">\n                        <h3 class=\"h4 mb-0 wp-block-hotelface-faq-title\" itemprop=\"name\">\n                            <a href=\"#\" class=\"text-decoration-none\" data-bs-toggle=\"collapse\" data-bs-target=\"#faq-542-69f5c96d52100\" aria-expanded=\"false\" aria-controls=\"faq-542-69f5c96d52100\">\n                                Sizinle transfer organize ettim, ancak \u015fof\u00f6r\u00fc nas\u0131l tan\u0131yaca\u011f\u0131m?                            <\/a>\n                        <\/h3>\n                    <\/div>\n\n                    <div id=\"faq-542-69f5c96d52100\" class=\"collapse px-0\" aria-labelledby=\"heading_faq-542-69f5c96d52100\" data-bs-parent=\"#accordion-69f5c96d520c1\" itemscope itemprop=\"acceptedAnswer\" itemtype=\"https:\/\/schema.org\/Answer\">\n                        <div itemprop=\"text\" class=\"mt-2\">\n                            <p>\u015eof\u00f6r\u00fcm\u00fcz sizi havaliman\u0131n\u0131n yolcu kar\u015f\u0131lama alan\u0131nda, isminizin yaz\u0131l\u0131 oldu\u011fu bir tabela ile bekliyor olacak. Bu sayede onu kolayca tan\u0131yabileceksiniz. Herhangi bir aksakl\u0131k ya da gecikme durumunda l\u00fctfen bizimle ileti\u015fime ge\u00e7mekten \u00e7ekinmeyin; size en h\u0131zl\u0131 \u015fekilde yard\u0131mc\u0131 olmaktan memnuniyet duyaca\u011f\u0131z.<\/p>\n<p>\u0130yi yolculuklar dileriz!<\/p>\n                        <\/div>\n                    <\/div>\n                <\/div>\n                            <div class=\"card p-3 border mb-3\" itemscope itemprop=\"mainEntity\" itemtype=\"https:\/\/schema.org\/Question\">\n                    <div id=\"heading_faq-539-69f5c96d52635\">\n                        <h3 class=\"h4 mb-0 wp-block-hotelface-faq-title\" itemprop=\"name\">\n                            <a href=\"#\" class=\"text-decoration-none\" data-bs-toggle=\"collapse\" data-bs-target=\"#faq-539-69f5c96d52635\" aria-expanded=\"false\" aria-controls=\"faq-539-69f5c96d52635\">\n                                Ka\u015f\u2019\u0131 ziyaret etmek i\u00e7in en iyi zaman ne zamand\u0131r?                            <\/a>\n                        <\/h3>\n                    <\/div>\n\n                    <div id=\"faq-539-69f5c96d52635\" class=\"collapse px-0\" aria-labelledby=\"heading_faq-539-69f5c96d52635\" data-bs-parent=\"#accordion-69f5c96d520c1\" itemscope itemprop=\"acceptedAnswer\" itemtype=\"https:\/\/schema.org\/Answer\">\n                        <div itemprop=\"text\" class=\"mt-2\">\n                            <p>Ka\u015f&#8217;ta en s\u0131cak ve en yo\u011fun aylar Temmuz, A\u011fustos ve Eyl\u00fcl\u2019d\u00fcr.<br data-start=\"168\" data-end=\"171\" \/>Kalabal\u0131ktan ka\u00e7mak ve daha \u0131l\u0131man bir hava tercih ediyorsan\u0131z, May\u0131s, Haziran, Ekim ve Kas\u0131m aylar\u0131 m\u00fckemmeldir.<br data-start=\"284\" data-end=\"287\" \/>May\u0131s ve Haziran aylar\u0131nda g\u00fcnler uzun ve hava s\u0131cak olur; ancak deniz, havaya g\u00f6re daha yava\u015f \u0131s\u0131nd\u0131\u011f\u0131 i\u00e7in bu aylarda deniz suyu beklenenden biraz serin olabilir.<br data-start=\"451\" data-end=\"454\" \/>Ekim ve Kas\u0131m aylar\u0131nda ise deniz keyifli bir \u015fekilde s\u0131cak, hava ise harikad\u0131r; tek dezavantaj\u0131, sonbaharda g\u00fcnlerin daha k\u0131sa olmas\u0131d\u0131r.<br data-start=\"592\" data-end=\"595\" data-is-only-node=\"\" \/>Aral\u0131k, Ocak ve \u015eubat aylar\u0131nda genellikle serin ve ya\u011fmurlu bir hava hakimdir, bu nedenle deniz tatili i\u00e7in ideal aylar de\u011fildir.<br data-start=\"725\" data-end=\"728\" \/>Mart ve Nisan aylar\u0131nda ise hava y\u00fczme ve g\u00fcne\u015flenmek i\u00e7in h\u00e2l\u00e2 serin olabilir, ancak do\u011fa y\u00fcr\u00fcy\u00fc\u015fleri ve a\u00e7\u0131k hava aktiviteleri i\u00e7in y\u0131l\u0131n en g\u00fczel zamanlar\u0131ndan biridir.<\/p>\n                        <\/div>\n                    <\/div>\n                <\/div>\n                            <div class=\"card p-3 border mb-3\" itemscope itemprop=\"mainEntity\" itemtype=\"https:\/\/schema.org\/Question\">\n                    <div id=\"heading_faq-546-69f5c96d5267b\">\n                        <h3 class=\"h4 mb-0 wp-block-hotelface-faq-title\" itemprop=\"name\">\n                            <a href=\"#\" class=\"text-decoration-none\" data-bs-toggle=\"collapse\" data-bs-target=\"#faq-546-69f5c96d5267b\" aria-expanded=\"false\" aria-controls=\"faq-546-69f5c96d5267b\">\n                                Ramazan ay\u0131nda veya di\u011fer dini bayramlarda seyahat etmek tatilimizi etkiler mi?                            <\/a>\n                        <\/h3>\n                    <\/div>\n\n                    <div id=\"faq-546-69f5c96d5267b\" class=\"collapse px-0\" aria-labelledby=\"heading_faq-546-69f5c96d5267b\" data-bs-parent=\"#accordion-69f5c96d520c1\" itemscope itemprop=\"acceptedAnswer\" itemtype=\"https:\/\/schema.org\/Answer\">\n                        <div itemprop=\"text\" class=\"mt-2\">\n                            <p class=\"\" data-start=\"134\" data-end=\"570\">Ka\u015f\u2019ta turizm ana sekt\u00f6r oldu\u011fu i\u00e7in, Ramazan ve di\u011fer dini bayramlar s\u0131ras\u0131nda hayat her zamanki gibi devam eder.<br data-start=\"248\" data-end=\"251\" \/>Ramazan ay\u0131nda t\u00fcm restoranlar, kafeler ve barlar a\u00e7\u0131k kal\u0131r ve otob\u00fcs seferleri normal \u015fekilde i\u015fler.<br data-start=\"353\" data-end=\"356\" \/>Di\u011fer dini bayramlar veya T\u00fcrkiye\u2019deki milli bayramlar s\u0131ras\u0131nda \u015fehre yerli turist ak\u0131n\u0131 olabilir.<br data-start=\"455\" data-end=\"458\" \/>Bu nedenle, bu d\u00f6nemlerde konaklama bulmak zorla\u015fabilir, bu y\u00fczden \u00f6nceden rezervasyon yapman\u0131z\u0131 tavsiye ederiz!<\/p>\n                        <\/div>\n                    <\/div>\n                <\/div>\n                            <div class=\"card p-3 border mb-3\" itemscope itemprop=\"mainEntity\" itemtype=\"https:\/\/schema.org\/Question\">\n                    <div id=\"heading_faq-550-69f5c96d526ad\">\n                        <h3 class=\"h4 mb-0 wp-block-hotelface-faq-title\" itemprop=\"name\">\n                            <a href=\"#\" class=\"text-decoration-none\" data-bs-toggle=\"collapse\" data-bs-target=\"#faq-550-69f5c96d526ad\" aria-expanded=\"false\" aria-controls=\"faq-550-69f5c96d526ad\">\n                                Ka\u015f\u2019ta konaklarken tekne turu ayarlamam\u0131zda yard\u0131mc\u0131 olabilir misiniz?                            <\/a>\n                        <\/h3>\n                    <\/div>\n\n                    <div id=\"faq-550-69f5c96d526ad\" class=\"collapse px-0\" aria-labelledby=\"heading_faq-550-69f5c96d526ad\" data-bs-parent=\"#accordion-69f5c96d520c1\" itemscope itemprop=\"acceptedAnswer\" itemtype=\"https:\/\/schema.org\/Answer\">\n                        <div itemprop=\"text\" class=\"mt-2\">\n                            <p class=\"\" data-start=\"125\" data-end=\"722\">Misafirlerimizin tekne turlar\u0131 veya ba\u015fka g\u00fcnl\u00fck geziler planlamalar\u0131na memnuniyetle yard\u0131mc\u0131 oluruz.<br data-start=\"226\" data-end=\"229\" \/>Y\u00fcksek sezonda, \u00e7o\u011fu hizmet her g\u00fcn d\u00fczenlendi\u011fi i\u00e7in bir tekne turunda yer bulman\u0131z neredeyse garantidir.<br data-start=\"335\" data-end=\"338\" \/>Ancak, her tekne turu i\u00e7in belirli bir minimum yolcu say\u0131s\u0131 gerekti\u011finden, ilkbahar veya sonbahar d\u00f6nemlerinde baz\u0131 g\u00fcnler hi\u00e7 sefer olmayabilir.<br data-start=\"483\" data-end=\"486\" \/>Yine de sizin i\u00e7in bir tekne turu veya diledi\u011finiz di\u011fer aktiviteleri organize etmek i\u00e7in elimizden geleni yapaca\u011f\u0131z.<br data-start=\"603\" data-end=\"606\" data-is-only-node=\"\" \/>Yar\u0131m g\u00fcnl\u00fck turlar bulunmamaktad\u0131r; t\u00fcm turlar tam g\u00fcn s\u00fcrmektedir.<br data-start=\"674\" data-end=\"677\" \/>Fiyatlar y\u0131ldan y\u0131la de\u011fi\u015fiklik g\u00f6sterebilir.<\/p>\n                        <\/div>\n                    <\/div>\n                <\/div>\n                            <div class=\"card p-3 border mb-3\" itemscope itemprop=\"mainEntity\" itemtype=\"https:\/\/schema.org\/Question\">\n                    <div id=\"heading_faq-554-69f5c96d526e6\">\n                        <h3 class=\"h4 mb-0 wp-block-hotelface-faq-title\" itemprop=\"name\">\n                            <a href=\"#\" class=\"text-decoration-none\" data-bs-toggle=\"collapse\" data-bs-target=\"#faq-554-69f5c96d526e6\" aria-expanded=\"false\" aria-controls=\"faq-554-69f5c96d526e6\">\n                                Antalya Havalan\u0131 \/ Dalaman Havalan\u0131ndan otelinize ula\u015fmak i\u00e7in kullan\u0131lacak en iyi yol hangisidir?                            <\/a>\n                        <\/h3>\n                    <\/div>\n\n                    <div id=\"faq-554-69f5c96d526e6\" class=\"collapse px-0\" aria-labelledby=\"heading_faq-554-69f5c96d526e6\" data-bs-parent=\"#accordion-69f5c96d520c1\" itemscope itemprop=\"acceptedAnswer\" itemtype=\"https:\/\/schema.org\/Answer\">\n                        <div itemprop=\"text\" class=\"mt-2\">\n                            <div class=\"acc-panel-title\">\n<p><strong>\u2708\ufe0f Antalya Havaliman\u0131\u2019ndan Ula\u015f\u0131m<\/strong><\/p>\n<p>Kendi arac\u0131n\u0131zla ya da havaliman\u0131ndan kiralad\u0131\u011f\u0131n\u0131z bir ara\u00e7la geliyorsan\u0131z, Antalya\u2019dan Ka\u015f\u2019a yakla\u015f\u0131k 3 saatlik bir yolculukla ula\u015fabilirsiniz.<\/p>\n<p>En h\u0131zl\u0131 ve konforlu ula\u015f\u0131m se\u00e7ene\u011fi ise \u00f6zel transfer hizmetidir. Talebinize g\u00f6re havaalan\u0131-otel ya da otel-havaalan\u0131 transferinizi memnuniyetle organize edebiliriz.<br \/>\n\u00dccret bilgisi i\u00e7in l\u00fctfen bizimle ileti\u015fime ge\u00e7in.<\/p>\n<p>Toplu ta\u015f\u0131ma tercih ediyorsan\u0131z, \u00f6nce Antalya Havaliman\u0131\u2019ndan \u015fehir merkezine ula\u015fman\u0131z gerekir. \u015eehir i\u00e7i otob\u00fcs, tramvay, taksi veya Hava\u015f servisleri ile Antalya Otogar\u0131\u2019na ge\u00e7ebilirsiniz (yakla\u015f\u0131k 40 dakika, trafik durumuna g\u00f6re de\u011fi\u015febilir).<br \/>\nOtogardan Ka\u015f\u2019a otob\u00fcsle yolculuk yakla\u015f\u0131k 4,5 saat s\u00fcrmektedir. \u00d6zellikle ak\u015fam saatlerinde otob\u00fcs bulmak zor olabilece\u011finden, gelmeden \u00f6nce sefer saatlerini kontrol etmenizi tavsiye ederiz.<\/p>\n<p><strong>\u2708\ufe0f Dalaman Havaliman\u0131\u2019ndan Ula\u015f\u0131m<\/strong><\/p>\n<p>Dalaman\u2019dan Ka\u015f\u2019a \u00f6zel ara\u00e7la ya da kiral\u0131k ara\u00e7la yapaca\u011f\u0131n\u0131z yolculuk ortalama 2 saat s\u00fcrmektedir.<\/p>\n<p>En h\u0131zl\u0131 ve pratik y\u00f6ntem yine \u00f6zel transfer hizmetidir. \u0130sterseniz transferinizi kolayca organize edebiliriz.<br \/>\n\u00dccretlendirme i\u00e7in bizimle ileti\u015fime ge\u00e7meniz yeterli.<\/p>\n<p>Toplu ta\u015f\u0131ma kullanmak isterseniz, \u00f6nce Dalaman Havaliman\u0131\u2019ndan Hava\u015f otob\u00fcs\u00fcyle Fethiye Otogar\u0131\u2019na ula\u015fman\u0131z gerekir.<br \/>\nFethiye Otogar\u0131\u2019ndan kalkan dolmu\u015flarla yakla\u015f\u0131k 2,5 saatlik bir yolculukla Ka\u015f\u2019a varabilirsiniz.<br \/>\nAk\u015fam saatlerinde sefer say\u0131s\u0131 azalabilece\u011fi i\u00e7in, yola \u00e7\u0131kmadan \u00f6nce saatleri kontrol etmenizi \u00f6neririz.<\/p>\n<p>Her t\u00fcrl\u00fc ula\u015f\u0131m se\u00e7ene\u011fiyle ilgili sorular\u0131n\u0131z i\u00e7in bizimle her zaman ileti\u015fime ge\u00e7ebilirsiniz. Size yard\u0131mc\u0131 olmaktan memnuniyet duyar\u0131z. \ud83d\ude0a<\/p>\n<\/div>\n                        <\/div>\n                    <\/div>\n                <\/div>\n                            <div class=\"card p-3 border mb-3\" itemscope itemprop=\"mainEntity\" itemtype=\"https:\/\/schema.org\/Question\">\n                    <div id=\"heading_faq-558-69f5c96d52755\">\n                        <h3 class=\"h4 mb-0 wp-block-hotelface-faq-title\" itemprop=\"name\">\n                            <a href=\"#\" class=\"text-decoration-none\" data-bs-toggle=\"collapse\" data-bs-target=\"#faq-558-69f5c96d52755\" aria-expanded=\"false\" aria-controls=\"faq-558-69f5c96d52755\">\n                                Otelinizi garajdan nas\u0131l bulabilirim?                            <\/a>\n                        <\/h3>\n                    <\/div>\n\n                    <div id=\"faq-558-69f5c96d52755\" class=\"collapse px-0\" aria-labelledby=\"heading_faq-558-69f5c96d52755\" data-bs-parent=\"#accordion-69f5c96d520c1\" itemscope itemprop=\"acceptedAnswer\" itemtype=\"https:\/\/schema.org\/Answer\">\n                        <div itemprop=\"text\" class=\"mt-2\">\n                            <p><strong>Y\u00fcr\u00fcyerek Ula\u015f\u0131m\u00a0<\/strong><\/p>\n<p>Ka\u015f otogar\u0131n\u0131n do\u011fu \u00e7\u0131k\u0131\u015f\u0131ndan \u00e7\u0131kt\u0131ktan sonra sa\u011fa (g\u00fcney y\u00f6n\u00fcne) d\u00f6n\u00fcn. K\u0131sa bir mesafe y\u00fcr\u00fcd\u00fckten sonra bir kav\u015fak g\u00f6receksiniz; burada sola d\u00f6n\u00fcn ve Petrol Ofisi istasyonunu sa\u011f\u0131n\u0131zda b\u0131rakacak \u015fekilde y\u00fcr\u00fcmeye devam edin. Sa\u011fl\u0131k Oca\u011f\u0131 binas\u0131 solunuzda kalacak. Yolun devam\u0131nda Likya Park\u0131\u2019na (otopark alan\u0131) ula\u015facaks\u0131n\u0131z; buradan i\u00e7eri ge\u00e7erek Likya Caddesi\u2019ne \u00e7\u0131k\u0131n. Caddeye ula\u015ft\u0131\u011f\u0131n\u0131zda sa\u011fa d\u00f6n\u00fcn ve yolu d\u00fcz takip edin. Sa\u011f\u0131n\u0131zda Merkez Okulu\u2019nu g\u00f6receksiniz; bu noktay\u0131 ge\u00e7erken sol tarafta Luna Hotel tabelalar\u0131n\u0131 fark edeceksiniz. Tabelalar\u0131n i\u015faret etti\u011fi merdivenlerden yukar\u0131 \u00e7\u0131k\u0131n. \u00dc\u00e7 set merdiveni tamamlad\u0131ktan sonra y\u00f6nlendirme tabelalar\u0131 sizi resepsiyona ula\u015ft\u0131racakt\u0131r.<\/p>\n<p>E\u011fer y\u00fcr\u00fcmek istemezseniz otogar \u00e7\u0131k\u0131\u015f\u0131nda kolayl\u0131kla taksi bulabilirsiniz. Taksi ile geldi\u011finizde, arac\u0131n\u0131z do\u011frudan otelin otopark\u0131na kadar getirilir ve resepsiyona merdiven \u00e7\u0131kmadan ula\u015fabilirsiniz.<\/p>\n<p><strong>A\u011fullu Otogar\u0131\u2019ndan Ula\u015f\u0131m<\/strong><\/p>\n<p>A\u011fullu\u2019daki otogar (yeni Ka\u015f otogar\u0131) \u015fehir merkezinin biraz d\u0131\u015f\u0131ndad\u0131r. Buradan Ka\u015f merkeze gelmek i\u00e7in taksi veya d\u00fczenli olarak \u00e7al\u0131\u015fan minib\u00fcsleri kullanabilirsiniz. Minib\u00fcsler sizi Ka\u015f merkez otogar\u0131na b\u0131rak\u0131r; oradan yukar\u0131daki y\u00fcr\u00fcy\u00fc\u015f tarifimizi takip ederek otelimize ula\u015fabilirsiniz. E\u011fer do\u011frudan otelimize taksi ile gelmek isterseniz, \u201cLuna Hotel Ka\u015f\u201d demeniz yeterlidir. Taksi otoparktan ge\u00e7ip Resepsiyona kadar gelebilir.<\/p>\n                        <\/div>\n                    <\/div>\n                <\/div>\n                            <div class=\"card p-3 border mb-3\" itemscope itemprop=\"mainEntity\" itemtype=\"https:\/\/schema.org\/Question\">\n                    <div id=\"heading_faq-579-69f5c96d527ae\">\n                        <h3 class=\"h4 mb-0 wp-block-hotelface-faq-title\" itemprop=\"name\">\n                            <a href=\"#\" class=\"text-decoration-none\" data-bs-toggle=\"collapse\" data-bs-target=\"#faq-579-69f5c96d527ae\" aria-expanded=\"false\" aria-controls=\"faq-579-69f5c96d527ae\">\n                                Antalya\u2019dan kendi arac\u0131mla geliyorum, otelinizi Ka\u015f\u2019ta nas\u0131l bulabilirim?                            <\/a>\n                        <\/h3>\n                    <\/div>\n\n                    <div id=\"faq-579-69f5c96d527ae\" class=\"collapse px-0\" aria-labelledby=\"heading_faq-579-69f5c96d527ae\" data-bs-parent=\"#accordion-69f5c96d520c1\" itemscope itemprop=\"acceptedAnswer\" itemtype=\"https:\/\/schema.org\/Answer\">\n                        <div itemprop=\"text\" class=\"mt-2\">\n                            <p>Antalya\u2019dan kendi arac\u0131n\u0131zla geliyorsan\u0131z otelimizi bulman\u0131z olduk\u00e7a kolay. Ka\u015f\u2019a vard\u0131\u011f\u0131n\u0131zda \u015fehir merkezine do\u011fru ilerleyin; otelimiz Ka\u015f merkezde, limana ve \u00e7ar\u015f\u0131ya y\u00fcr\u00fcme mesafesinde yer almaktad\u0131r. Navigasyon i\u00e7in \u201cLuna Hotel Ka\u015f\u201d yazarak genel konumumuza ula\u015fabilirsiniz.<\/p>\n<p>Ancak do\u011frudan otopark\u0131m\u0131zdan ge\u00e7ip resepsiyonumuzun \u00f6n\u00fcne kadar gelmeniz i\u00e7in a\u015fa\u011f\u0131daki koordinatlar\u0131 kullanman\u0131z\u0131 \u00f6neririz:<br \/>\n36.20032371858536, 29.644303678947615<\/p>\n<p>Bu koordinatlar\u0131 Google Maps veya di\u011fer navigasyon uygulamalar\u0131na yap\u0131\u015ft\u0131rarak en do\u011fru \u015fekilde otel giri\u015fine ula\u015fabilirsiniz. Baz\u0131 uygulamalarda zaman zaman k\u00fc\u00e7\u00fck sapmalar olabilece\u011fi i\u00e7in \u00f6zellikle Ka\u015f merkezine yakla\u015ft\u0131\u011f\u0131n\u0131zda rotan\u0131z\u0131 kontrol etmenizi rica ederiz. Herhangi bir sorun ya\u015farsan\u0131z bizi aramaktan \u00e7ekinmeyin, memnuniyetle yard\u0131mc\u0131 oluruz!<\/p>\n<p>Adresimiz:<br \/>\nAndifli Mahallesi Ar\u0131san Sokak No:18\/2, 07580 Ka\u015f\/Antalya<\/p>\n<p>\u015eimdiden iyi yolculuklar\u00a0dileriz!<\/p>\n                        <\/div>\n                    <\/div>\n                <\/div>\n                            <div class=\"card p-3 border mb-3\" itemscope itemprop=\"mainEntity\" itemtype=\"https:\/\/schema.org\/Question\">\n                    <div id=\"heading_faq-576-69f5c96d527e8\">\n                        <h3 class=\"h4 mb-0 wp-block-hotelface-faq-title\" itemprop=\"name\">\n                            <a href=\"#\" class=\"text-decoration-none\" data-bs-toggle=\"collapse\" data-bs-target=\"#faq-576-69f5c96d527e8\" aria-expanded=\"false\" aria-controls=\"faq-576-69f5c96d527e8\">\n                                Otelinizin kendi plaj\u0131 var m\u0131?                            <\/a>\n                        <\/h3>\n                    <\/div>\n\n                    <div id=\"faq-576-69f5c96d527e8\" class=\"collapse px-0\" aria-labelledby=\"heading_faq-576-69f5c96d527e8\" data-bs-parent=\"#accordion-69f5c96d520c1\" itemscope itemprop=\"acceptedAnswer\" itemtype=\"https:\/\/schema.org\/Answer\">\n                        <div itemprop=\"text\" class=\"mt-2\">\n                            <p>Hay\u0131r, otelimizin kendi plaj\u0131 veya y\u00fczme platformu yok. Denize girilebilecek en yak\u0131n yer K\u00fc\u00e7\u00fck \u00c7ak\u0131l Plaj\u0131, otele sadece be\u015f dakikal\u0131k y\u00fcr\u00fcme mesafesinde.<\/p>\n                        <\/div>\n                    <\/div>\n                <\/div>\n                            <div class=\"card p-3 border mb-3\" itemscope itemprop=\"mainEntity\" itemtype=\"https:\/\/schema.org\/Question\">\n                    <div id=\"heading_faq-573-69f5c96d52813\">\n                        <h3 class=\"h4 mb-0 wp-block-hotelface-faq-title\" itemprop=\"name\">\n                            <a href=\"#\" class=\"text-decoration-none\" data-bs-toggle=\"collapse\" data-bs-target=\"#faq-573-69f5c96d52813\" aria-expanded=\"false\" aria-controls=\"faq-573-69f5c96d52813\">\n                                \u015eehir merkezine ne kadar uzakl\u0131ktas\u0131n\u0131z?                            <\/a>\n                        <\/h3>\n                    <\/div>\n\n                    <div id=\"faq-573-69f5c96d52813\" class=\"collapse px-0\" aria-labelledby=\"heading_faq-573-69f5c96d52813\" data-bs-parent=\"#accordion-69f5c96d520c1\" itemscope itemprop=\"acceptedAnswer\" itemtype=\"https:\/\/schema.org\/Answer\">\n                        <div itemprop=\"text\" class=\"mt-2\">\n                            <p>Ka\u015f k\u00fc\u00e7\u00fck bir kasaba oldu\u011fu i\u00e7in her yer y\u00fcr\u00fcme mesafesindedir. Otelden merkeze y\u00fcr\u00fcyerek yakla\u015f\u0131k 5 dakikada ula\u015fabilirsiniz. Sitemizdeki haritadan \u00e7evreyi detayl\u0131 olarak inceleyebilirsiniz.<\/p>\n                        <\/div>\n                    <\/div>\n                <\/div>\n                            <div class=\"card p-3 border mb-3\" itemscope itemprop=\"mainEntity\" itemtype=\"https:\/\/schema.org\/Question\">\n                    <div id=\"heading_faq-570-69f5c96d5282d\">\n                        <h3 class=\"h4 mb-0 wp-block-hotelface-faq-title\" itemprop=\"name\">\n                            <a href=\"#\" class=\"text-decoration-none\" data-bs-toggle=\"collapse\" data-bs-target=\"#faq-570-69f5c96d5282d\" aria-expanded=\"false\" aria-controls=\"faq-570-69f5c96d5282d\">\n                                Park yeriniz var m\u0131?                            <\/a>\n                        <\/h3>\n                    <\/div>\n\n                    <div id=\"faq-570-69f5c96d5282d\" class=\"collapse px-0\" aria-labelledby=\"heading_faq-570-69f5c96d5282d\" data-bs-parent=\"#accordion-69f5c96d520c1\" itemscope itemprop=\"acceptedAnswer\" itemtype=\"https:\/\/schema.org\/Answer\">\n                        <div itemprop=\"text\" class=\"mt-2\">\n                            <p>Evet, otelimize ait \u00fccretsiz bir otopark\u0131m\u0131z bulunuyor. Alan\u0131m\u0131z asfalt kaplama olmamakla birlikte, otelimize yak\u0131n konumda yer alan geni\u015f ve toprak bir alanda misafirlerimizin ara\u00e7lar\u0131n\u0131 g\u00fcvenle park edebilece\u011fi bir yer sa\u011fl\u0131yoruz. Misafirlerimiz park yerimizi \u00fccretsiz olarak kullanabilir ve \u00f6zellikle Ka\u015f\u2019\u0131n yo\u011fun sezonlar\u0131nda ara\u00e7 i\u00e7in yer bulma s\u0131k\u0131nt\u0131s\u0131 ya\u015famadan konaklamalar\u0131n\u0131n keyfini \u00e7\u0131karabilirler.<\/p>\n                        <\/div>\n                    <\/div>\n                <\/div>\n                            <div class=\"card p-3 border \" itemscope itemprop=\"mainEntity\" itemtype=\"https:\/\/schema.org\/Question\">\n                    <div id=\"heading_faq-567-69f5c96d5285c\">\n                        <h3 class=\"h4 mb-0 wp-block-hotelface-faq-title\" itemprop=\"name\">\n                            <a href=\"#\" class=\"text-decoration-none\" data-bs-toggle=\"collapse\" data-bs-target=\"#faq-567-69f5c96d5285c\" aria-expanded=\"false\" aria-controls=\"faq-567-69f5c96d5285c\">\n                                Asans\u00f6r\u00fcn\u00fcz var m\u0131?                            <\/a>\n                        <\/h3>\n                    <\/div>\n\n                    <div id=\"faq-567-69f5c96d5285c\" class=\"collapse px-0\" aria-labelledby=\"heading_faq-567-69f5c96d5285c\" data-bs-parent=\"#accordion-69f5c96d520c1\" itemscope itemprop=\"acceptedAnswer\" itemtype=\"https:\/\/schema.org\/Answer\">\n                        <div itemprop=\"text\" class=\"mt-2\">\n                            <p>Hay\u0131r, maalesef Luna Otel de dahil olmak \u00fczere Ka\u015f&#8217;taki \u00e7o\u011fu binada asans\u00f6r bulunmamaktad\u0131r.<\/p>\n                        <\/div>\n                    <\/div>\n                <\/div>\n                                    <\/div>\n            \n                    <\/div>\n        \n\n\n<p><\/p>\n","protected":false},"excerpt":{"rendered":"","protected":false},"author":1,"featured_media":0,"parent":0,"menu_order":0,"comment_status":"closed","ping_status":"closed","template":"","meta":{"footnotes":""},"class_list":["post-54","page","type-page","status-publish","hentry"],"_links":{"self":[{"href":"https:\/\/www.lunakas.com\/tr\/wp-json\/wp\/v2\/pages\/54","targetHints":{"allow":["GET"]}}],"collection":[{"href":"https:\/\/www.lunakas.com\/tr\/wp-json\/wp\/v2\/pages"}],"about":[{"href":"https:\/\/www.lunakas.com\/tr\/wp-json\/wp\/v2\/types\/page"}],"author":[{"embeddable":true,"href":"https:\/\/www.lunakas.com\/tr\/wp-json\/wp\/v2\/users\/1"}],"replies":[{"embeddable":true,"href":"https:\/\/www.lunakas.com\/tr\/wp-json\/wp\/v2\/comments?post=54"}],"version-history":[{"count":1,"href":"https:\/\/www.lunakas.com\/tr\/wp-json\/wp\/v2\/pages\/54\/revisions"}],"predecessor-version":[{"id":1473,"href":"https:\/\/www.lunakas.com\/tr\/wp-json\/wp\/v2\/pages\/54\/revisions\/1473"}],"wp:attachment":[{"href":"https:\/\/www.lunakas.com\/tr\/wp-json\/wp\/v2\/media?parent=54"}],"curies":[{"name":"wp","href":"https:\/\/api.w.org\/{rel}","templated":true}]}}