{"id":1268,"date":"2025-04-26T15:04:59","date_gmt":"2025-04-26T12:04:59","guid":{"rendered":"https:\/\/new.lunakas.com\/about-us\/"},"modified":"2026-02-18T23:36:44","modified_gmt":"2026-02-18T20:36:44","slug":"hakkimizda","status":"publish","type":"page","link":"https:\/\/www.lunakas.com\/tr\/hakkimizda\/","title":{"rendered":"Luna Otel&#8217;in Hikayesi"},"content":{"rendered":"<div class=\"wp-block-image\">\n<figure class=\"alignright size-full is-resized\"><img decoding=\"async\" width=\"1024\" height=\"768\" src=\"https:\/\/new.lunakas.com\/wp-content\/uploads\/2026\/02\/ahmet-marie.jpg\" alt=\"\" class=\"wp-image-1234\" style=\"aspect-ratio:1.3333416007341452;width:389px;height:auto\" srcset=\"https:\/\/www.lunakas.com\/wp-content\/uploads\/2026\/02\/ahmet-marie.jpg 1024w, https:\/\/www.lunakas.com\/wp-content\/uploads\/2026\/02\/ahmet-marie-300x225.jpg 300w, https:\/\/www.lunakas.com\/wp-content\/uploads\/2026\/02\/ahmet-marie-768x576.jpg 768w, https:\/\/www.lunakas.com\/wp-content\/uploads\/2026\/02\/ahmet-marie-217x163.jpg 217w\" sizes=\"(max-width: 1024px) 100vw, 1024px\" \/><\/figure>\n<\/div>\n\n\n<p>Luna Hotel\u2019in bug\u00fcn bulundu\u011fu bina, Ka\u015f ile ya\u015fanan tutkulu bir a\u015fk\u0131n \u00fcr\u00fcn\u00fc. \u0130ngiltere\u2019den gelen Gordon ve Marion \u00e7ifti, 1980\u2019li y\u0131llarda Ka\u015f\u2019\u0131 ilk kez ziyaret ettiklerinde bu k\u00fc\u00e7\u00fck Akdeniz kasabas\u0131na \u00e2\u015f\u0131k oldular. Pitoresk sokaklar\u0131, s\u0131cak denizleri ve samimi yerel halk\u0131yla Ka\u015f, onlar\u0131n kalbinde silinmez bir iz b\u0131rakt\u0131. Zamanla ziyaretleri s\u0131kla\u015ft\u0131; t\u0131pk\u0131 bir\u00e7ok ki\u015finin ba\u015f\u0131na geldi\u011fi gibi, bu g\u00fczel yer onlar\u0131n akl\u0131ndan hi\u00e7 \u00e7\u0131kmad\u0131. Sonunda Ka\u015f\u2019\u0131 \u2013 daha do\u011frusu, bug\u00fcnk\u00fc Luna Hotel\u2019in bulundu\u011fu topra\u011f\u0131 \u2013 kendi evleri yapmaya karar verdiler.<\/p>\n\n\n\n<p>Ka\u015f \u015fehir merkezi ile huzurlu bir yama\u00e7 aras\u0131nda, m\u00fckemmel konumda bir arsa buldular ve hayallerindeki evi in\u015fa etmeye ba\u015flad\u0131lar. Yaz\u0131n serin, k\u0131\u015f\u0131n s\u0131cak tutan ta\u015f duvarlardan, yerel ilkokuldan toplan\u0131p yeniden kullan\u0131lan ah\u015fap kaplamalara kadar her detay\u0131 b\u00fcy\u00fck bir \u00f6zenle tasarlad\u0131lar. Ortaya, Ka\u015f \u00e2\u015f\u0131klar\u0131 taraf\u0131ndan, Ka\u015f \u00e2\u015f\u0131klar\u0131 i\u00e7in yap\u0131lm\u0131\u015f, zarif ve s\u0131cak bir yap\u0131 \u00e7\u0131kt\u0131.<\/p>\n\n\n\n<div style=\"height:4px\" aria-hidden=\"true\" class=\"wp-block-spacer\"><\/div>\n\n\n<div class=\"wp-block-image\">\n<figure class=\"alignleft size-large is-resized\"><img decoding=\"async\" width=\"1024\" height=\"682\" src=\"https:\/\/new.lunakas.com\/wp-content\/uploads\/2026\/02\/IMG_6473-1-1170x779_c-1024x682.jpg\" alt=\"\" class=\"wp-image-1243\" style=\"aspect-ratio:1.5014802815327897;width:383px;height:auto\" srcset=\"https:\/\/www.lunakas.com\/wp-content\/uploads\/2026\/02\/IMG_6473-1-1170x779_c-1024x682.jpg 1024w, https:\/\/www.lunakas.com\/wp-content\/uploads\/2026\/02\/IMG_6473-1-1170x779_c-300x200.jpg 300w, https:\/\/www.lunakas.com\/wp-content\/uploads\/2026\/02\/IMG_6473-1-1170x779_c-768x511.jpg 768w, https:\/\/www.lunakas.com\/wp-content\/uploads\/2026\/02\/IMG_6473-1-1170x779_c-770x513.jpg 770w, https:\/\/www.lunakas.com\/wp-content\/uploads\/2026\/02\/IMG_6473-1-1170x779_c-484x323.jpg 484w, https:\/\/www.lunakas.com\/wp-content\/uploads\/2026\/02\/IMG_6473-1-1170x779_c-381x254.jpg 381w, https:\/\/www.lunakas.com\/wp-content\/uploads\/2026\/02\/IMG_6473-1-1170x779_c-81x54.jpg 81w, https:\/\/www.lunakas.com\/wp-content\/uploads\/2026\/02\/IMG_6473-1-1170x779_c-50x33.jpg 50w, https:\/\/www.lunakas.com\/wp-content\/uploads\/2026\/02\/IMG_6473-1-1170x779_c-217x144.jpg 217w, https:\/\/www.lunakas.com\/wp-content\/uploads\/2026\/02\/IMG_6473-1-1170x779_c.jpg 1170w\" sizes=\"(max-width: 1024px) 100vw, 1024px\" \/><\/figure>\n<\/div>\n\n\n<p>2019 y\u0131l\u0131nda bu \u00f6zel m\u00fclk, yerel bir ekip olan Ahmet ve Can taraf\u0131ndan devral\u0131nd\u0131. Bina titizlikle yenilendi ve Gordon ile Marion\u2019un ruhuna sad\u0131k kalarak Luna Hotel do\u011fdu. Hayat\u0131 boyunca Ka\u015f\u2019ta ya\u015fayan Ahmet, turizm sekt\u00f6r\u00fcn\u00fcn i\u00e7inde b\u00fcy\u00fcd\u00fc ve \u00e7ocukluk y\u0131llar\u0131nda ailesinin konuk evinde \u00e7al\u0131\u015farak otelcili\u011fin t\u00fcm inceliklerini \u00f6\u011frendi. Bug\u00fcn e\u015fi Marie ve \u00fc\u00e7 \u00e7ocu\u011fuyla birlikte Luna Hotel\u2019i ger\u00e7ek bir aile i\u015fletmesine d\u00f6n\u00fc\u015ft\u00fcrd\u00fc.<\/p>\n\n\n\n<p>Can da Ka\u015fl\u0131 ve turizm sekt\u00f6r\u00fcnde yeti\u015fmi\u015f biri; e\u015fi G\u00fcl\u015fah\u2019la \u0130zmit\u2019te tan\u0131\u015ft\u0131ktan sonra, G\u00fcl\u015fah da bu e\u015fsiz sahil kasabas\u0131na \u00e2\u015f\u0131k oldu ve burada yeni bir hayat kurdular. \u0130ki \u00e7ocuklar\u0131yla birlikte, Luna Hotel\u2019i s\u0131cak, samimi ve konforlu bir aile i\u015fletmesi haline getirmek i\u00e7in Ahmet ve ailesiyle el ele \u00e7al\u0131\u015f\u0131yorlar.<\/p>\n\n\n\n<h2 class=\"wp-block-heading\">Ka\u015f: Ke\u015ffetmekten Asla Vazge\u00e7emeyece\u011finiz Bir Yer<\/h2>\n\n\n\n<p>Ka\u015f, sadece bir tatil rotas\u0131 de\u011fil; ayn\u0131 zamanda bir ya\u015fam deneyimidir.Masmavi denizi ve huzurlu havas\u0131yla tan\u0131n\u0131r ama burada anlat\u0131lanlar\u0131n \u00e7ok \u00f6tesinde bir ruha sahiptir. Tarih, do\u011fa ve macera Ka\u015f&#8217;ta i\u00e7 i\u00e7e ge\u00e7er. Bu y\u00fczden Ka\u015f\u2019a sadece birka\u00e7 g\u00fcnl\u00fc\u011f\u00fcne de\u011fil, m\u00fcmk\u00fcnse uzun bir tatil i\u00e7in gelmenizi g\u00f6n\u00fclden \u00f6neririz.<\/p>\n\n\n\n<p>Ka\u015f\u2019tan k\u0131sa bir tekne yolculu\u011fuyla ula\u015fabilece\u011finiz Yunanistan\u2019a ba\u011fl\u0131 Kastellorizo (Meis) Adas\u0131, renkli sokaklar\u0131 ve b\u00fcy\u00fcleyici atmosferiyle ba\u015fka bir d\u00fcnyan\u0131n kap\u0131lar\u0131n\u0131 aralar. Tarih merakl\u0131lar\u0131 i\u00e7in Patara Antik Kenti\u2019nin g\u00f6rkemli tiyatrosu ve alt\u0131n kumsallar\u0131; Xanhos ve Letoon\u2019un UNESCO D\u00fcnya Miras\u0131 listesindeki e\u015fsiz kal\u0131nt\u0131lar\u0131 mutlaka g\u00f6r\u00fclmeli. Sakl\u0131kent Kanyonu\u2019nda ise buz gibi sularda y\u00fcr\u00fcyerek do\u011fan\u0131n g\u00fcc\u00fcn\u00fc ve serinli\u011fini iliklerinize kadar hissedebilirsiniz.<\/p>\n\n\n\n<p>Demre\u2019de, Myra Antik Kenti\u2019nin etkileyici kaya mezarlar\u0131n\u0131 ve Noel Baba olarak bilinen St. Nicholas Kilisesi\u2019ni ke\u015ffederken, b\u00f6lgenin tarihi zenginli\u011fini yak\u0131ndan g\u00f6r\u00fcp, tan\u0131yabilirsiniz. Fethiye\u2019ye kadar uzanan geni\u015f bir rota ise size hem tarih hem do\u011fa a\u00e7\u0131s\u0131ndan doyurucu bir deneyim sunuyor olacak.<\/p>\n\n\n\n<p>Ka\u015f, yaln\u0131zca sahil kasabas\u0131 olarak de\u011fil, yaylalar\u0131yla da \u00f6ne \u00e7\u0131kar. Yaz s\u0131ca\u011f\u0131ndan ka\u00e7mak isteyenler i\u00e7in Bezirgan ve G\u00f6mbe yaylalar\u0131, serin havas\u0131 ve yemye\u015fil do\u011fas\u0131yla nefes ald\u0131r\u0131r. Araba s\u00fcrmeyi sevenler i\u00e7in Ka\u015f \u00e7evresi adeta bir yolculuk cennetidir: virajl\u0131 yollar\u0131, deniz manzaral\u0131 rotalar\u0131 ve ke\u015ffedilmeyi bekleyen sakl\u0131 k\u00f6yleriyle her s\u00fcr\u00fc\u015f, unutulmaz bir deneyime d\u00f6n\u00fc\u015f\u00fcr.<\/p>\n\n\n\n<p>Daha fazlas\u0131n\u0131 ke\u015ffetmek ve sizin i\u00e7in en uygun rota ve gezi \u00f6nerilerini almak i\u00e7in bizimle ileti\u015fime ge\u00e7ebilirsiniz. Luna Hotel ekibi olarak, Ka\u015f ve \u00e7evresini en iyi \u015fekilde deneyimlemeniz i\u00e7in yan\u0131n\u0131zday\u0131z!<\/p>\n\n\n        <section id=\"rooms\" class=\"wp-block-hotelface-rooms\" data-display-style=\"grid\">\n                        <h2 class=\"mb-0\">Odalar\u0131m\u0131z<\/h2>\n                                    \n                            <div class=\"row\">\n                <div class=\"col-12 col-md-4 my-3 my-md-0\">\n                <div class=\"row\">\n                    <div class=\"col-12\">\n                        <div class=\"hoveryImg medium mb-3\" style=\"background-image: url('https:\/\/www.lunakas.com\/wp-content\/uploads\/2025\/11\/EKONOMI\u0307K-1-484x323.jpg');\">\n                            <a href=\"https:\/\/www.lunakas.com\/tr\/room\/ekonomi-bahce-kati-oda\/\" title=\"Ekonomi Bah\u00e7e Kat\u0131 Oda\" class=\"info\">\n                                <div class=\"hoveryCap\" style=\"background-image: url('https:\/\/www.lunakas.com\/wp-content\/uploads\/2025\/11\/EKONOMI\u0307K-1-484x323.jpg');\"><\/div>\n                                <h5>Ekonomi Bah\u00e7e Kat\u0131 Oda<\/h5>\n                                <p>En \u0130yi Fiyata Rahat Konfor ve \u00d6zel Avlu <\/p>\n                            <\/a>\n                        <\/div>\n                    <\/div>\n                    <div class=\"col-12 d-flex flex-column justify-content-center mb-3\">\n                        <h3 class=\"mb-3\">\n                            Ekonomi Bah\u00e7e Kat\u0131 Oda                        <\/h3>\n                        <p class=\"h5 text-dark\">\n                            En \u0130yi Fiyata Rahat Konfor ve \u00d6zel Avlu                         <\/p>\n                        <p>\n                            Ekonomi Bah\u00e7e Kat\u0131 Odalar\u0131m\u0131z, bah\u00e7e kat\u0131nda yer alan b\u00fct\u00e7e dostu se\u00e7eneklerimizdir. 15 m\u00b2 geni\u015fli\u011finde olan odalar\u0131m\u0131zda \u00e7ift ki\u015filik yatak, \u00e7ay-kahve istasyonu, mini buzdolab\u0131, s\u0131cak su \u0131s\u0131t\u0131c\u0131s\u0131, sa\u00e7 kurutma makinesi ve klima bulunmaktad\u0131r. Odalar\u0131m\u0131z avludaki \u00f6zel oturma alanlar\u0131na a\u00e7\u0131lmaktad\u0131r.                        <\/p>\n                        <p>\n                            <a class=\"btn btn-pri-light btn-large mt-3\" title=\"Ekonomi Bah\u00e7e Kat\u0131 Oda\" href=\"https:\/\/www.lunakas.com\/tr\/room\/ekonomi-bahce-kati-oda\/\">G\u00f6zat <i class=\"ms-2 fas fa-chevron-circle-right\"><\/i><\/a>                        <\/p>\n                    <\/div>\n                <\/div>\n            <\/div>\n                    <div class=\"col-12 col-md-4 my-3 my-md-0\">\n                <div class=\"row\">\n                    <div class=\"col-12\">\n                        <div class=\"hoveryImg medium mb-3\" style=\"background-image: url('https:\/\/www.lunakas.com\/wp-content\/uploads\/2025\/11\/ER0A4810-484x323.jpg');\">\n                            <a href=\"https:\/\/www.lunakas.com\/tr\/room\/ekonomi-oda\/\" title=\"Ekonomi Oda\" class=\"info\">\n                                <div class=\"hoveryCap\" style=\"background-image: url('https:\/\/www.lunakas.com\/wp-content\/uploads\/2025\/11\/ER0A4810-484x323.jpg');\"><\/div>\n                                <h5>Ekonomi Oda<\/h5>\n                                <p>Dinlenme Alan\u0131na A\u00e7\u0131lan Ekonomik Odalar<\/p>\n                            <\/a>\n                        <\/div>\n                    <\/div>\n                    <div class=\"col-12 d-flex flex-column justify-content-center mb-3\">\n                        <h3 class=\"mb-3\">\n                            Ekonomi Oda                        <\/h3>\n                        <p class=\"h5 text-dark\">\n                            Dinlenme Alan\u0131na A\u00e7\u0131lan Ekonomik Odalar                        <\/p>\n                        <p>\n                            Ekonomi Odalar\u0131m\u0131z, otelimizin 2. ve 3. katlar\u0131nda yer almakta olup, kap\u0131lar\u0131 g\u00fcn boyu kullan\u0131labilen oturma alan\u0131na a\u00e7\u0131lmaktad\u0131r. 15 m\u00b2 geni\u015fli\u011findeki odalar\u0131m\u0131zda bir b\u00fcy\u00fck yatak bulunmakta ve maksimum 2 misafir a\u011f\u0131rlanmaktad\u0131r.                         <\/p>\n                        <p>\n                            <a class=\"btn btn-pri-light btn-large mt-3\" title=\"Ekonomi Oda\" href=\"https:\/\/www.lunakas.com\/tr\/room\/ekonomi-oda\/\">G\u00f6zat <i class=\"ms-2 fas fa-chevron-circle-right\"><\/i><\/a>                        <\/p>\n                    <\/div>\n                <\/div>\n            <\/div>\n                    <div class=\"col-12 col-md-4 my-3 my-md-0\">\n                <div class=\"row\">\n                    <div class=\"col-12\">\n                        <div class=\"hoveryImg medium mb-3\" style=\"background-image: url('https:\/\/www.lunakas.com\/wp-content\/uploads\/2025\/11\/12-484x323.jpg');\">\n                            <a href=\"https:\/\/www.lunakas.com\/tr\/room\/aile-odasi-bahce\/\" title=\"Aile Odas\u0131 Bah\u00e7e\" class=\"info\">\n                                <div class=\"hoveryCap\" style=\"background-image: url('https:\/\/www.lunakas.com\/wp-content\/uploads\/2025\/11\/12-484x323.jpg');\"><\/div>\n                                <h5>Aile Odas\u0131 Bah\u00e7e<\/h5>\n                                <p>Bah\u00e7eye A\u00e7\u0131lan Aile Konforu<\/p>\n                            <\/a>\n                        <\/div>\n                    <\/div>\n                    <div class=\"col-12 d-flex flex-column justify-content-center mb-3\">\n                        <h3 class=\"mb-3\">\n                            Aile Odas\u0131 Bah\u00e7e                        <\/h3>\n                        <p class=\"h5 text-dark\">\n                            Bah\u00e7eye A\u00e7\u0131lan Aile Konforu                        <\/p>\n                        <p>\n                            Aile Odalar\u0131m\u0131z, bah\u00e7e kat\u0131nda yer almakta olup, g\u00fcn boyu kullan\u0131labilen oturma alanlar\u0131na a\u00e7\u0131lmaktad\u0131r. Ka\u015f\u2019\u0131n huzurlu atmosferinde konfor i\u00e7in tasarlanan odalar\u0131m\u0131zda b\u00fcy\u00fck yatak, ranza ve gerekti\u011finde yata\u011fa d\u00f6n\u00fc\u015fen bir koltuk bulunur.\r\n                        <\/p>\n                        <p>\n                            <a class=\"btn btn-pri-light btn-large mt-3\" title=\"Aile Odas\u0131 Bah\u00e7e\" href=\"https:\/\/www.lunakas.com\/tr\/room\/aile-odasi-bahce\/\">G\u00f6zat <i class=\"ms-2 fas fa-chevron-circle-right\"><\/i><\/a>                        <\/p>\n                    <\/div>\n                <\/div>\n            <\/div>\n                    <div class=\"col-12 col-md-4 my-3 my-md-0\">\n                <div class=\"row\">\n                    <div class=\"col-12\">\n                        <div class=\"hoveryImg medium mb-3\" style=\"background-image: url('https:\/\/www.lunakas.com\/wp-content\/uploads\/2025\/11\/6-484x323.jpg');\">\n                            <a href=\"https:\/\/www.lunakas.com\/tr\/room\/standart-bahce-kati-oda\/\" title=\"Standart Bah\u00e7e Kat\u0131 Oda\" class=\"info\">\n                                <div class=\"hoveryCap\" style=\"background-image: url('https:\/\/www.lunakas.com\/wp-content\/uploads\/2025\/11\/6-484x323.jpg');\"><\/div>\n                                <h5>Standart Bah\u00e7e Kat\u0131 Oda<\/h5>\n                                <p>\u00c7iftler ve Aileler \u0130\u00e7in Bah\u00e7ede Huzurlu Konaklama<\/p>\n                            <\/a>\n                        <\/div>\n                    <\/div>\n                    <div class=\"col-12 d-flex flex-column justify-content-center mb-3\">\n                        <h3 class=\"mb-3\">\n                            Standart Bah\u00e7e Kat\u0131 Oda                        <\/h3>\n                        <p class=\"h5 text-dark\">\n                            \u00c7iftler ve Aileler \u0130\u00e7in Bah\u00e7ede Huzurlu Konaklama                        <\/p>\n                        <p>\n                            Standart Bah\u00e7e Kat\u0131 Odalar\u0131m\u0131z, bah\u00e7e kat\u0131nda yer almakta ve ortak oturma alan\u0131na a\u00e7\u0131lmaktad\u0131r. Bir b\u00fcy\u00fck yatak ve iste\u011fe ba\u011fl\u0131 ek yatak ile 3 ki\u015fiye kadar konaklama imk\u00e2n\u0131 sunar. \r\n                        <\/p>\n                        <p>\n                            <a class=\"btn btn-pri-light btn-large mt-3\" title=\"Standart Bah\u00e7e Kat\u0131 Oda\" href=\"https:\/\/www.lunakas.com\/tr\/room\/standart-bahce-kati-oda\/\">G\u00f6zat <i class=\"ms-2 fas fa-chevron-circle-right\"><\/i><\/a>                        <\/p>\n                    <\/div>\n                <\/div>\n            <\/div>\n                    <div class=\"col-12 col-md-4 my-3 my-md-0\">\n                <div class=\"row\">\n                    <div class=\"col-12\">\n                        <div class=\"hoveryImg medium mb-3\" style=\"background-image: url('https:\/\/www.lunakas.com\/wp-content\/uploads\/2025\/11\/ER0A2942-484x323.jpg');\">\n                            <a href=\"https:\/\/www.lunakas.com\/tr\/room\/standart-double-oda\/\" title=\"Standart Double Oda\" class=\"info\">\n                                <div class=\"hoveryCap\" style=\"background-image: url('https:\/\/www.lunakas.com\/wp-content\/uploads\/2025\/11\/ER0A2942-484x323.jpg');\"><\/div>\n                                <h5>Standart Double Oda<\/h5>\n                                <p>Balkon Keyfiyle Konforlu Konaklama<\/p>\n                            <\/a>\n                        <\/div>\n                    <\/div>\n                    <div class=\"col-12 d-flex flex-column justify-content-center mb-3\">\n                        <h3 class=\"mb-3\">\n                            Standart Double Oda                        <\/h3>\n                        <p class=\"h5 text-dark\">\n                            Balkon Keyfiyle Konforlu Konaklama                        <\/p>\n                        <p>\n                            Standart Odalar\u0131m\u0131z, otelimizin 2. ve 3. katlar\u0131nda yer almakta olup 18 m\u00b2 geni\u015fli\u011findedir. Her odada oturma alan\u0131na sahip \u00f6zel bir balkon bulunmaktad\u0131r.                         <\/p>\n                        <p>\n                            <a class=\"btn btn-pri-light btn-large mt-3\" title=\"Standart Double Oda\" href=\"https:\/\/www.lunakas.com\/tr\/room\/standart-double-oda\/\">G\u00f6zat <i class=\"ms-2 fas fa-chevron-circle-right\"><\/i><\/a>                        <\/p>\n                    <\/div>\n                <\/div>\n            <\/div>\n                    <div class=\"col-12 col-md-4 my-3 my-md-0\">\n                <div class=\"row\">\n                    <div class=\"col-12\">\n                        <div class=\"hoveryImg medium mb-3\" style=\"background-image: url('https:\/\/www.lunakas.com\/wp-content\/uploads\/2025\/11\/ER0A3594-484x323.jpg');\">\n                            <a href=\"https:\/\/www.lunakas.com\/tr\/room\/double-triple-deniz-manzarali-oda\/\" title=\"Double\/Triple Deniz Manzaral\u0131 Oda\" class=\"info\">\n                                <div class=\"hoveryCap\" style=\"background-image: url('https:\/\/www.lunakas.com\/wp-content\/uploads\/2025\/11\/ER0A3594-484x323.jpg');\"><\/div>\n                                <h5>Double\/Triple Deniz Manzaral\u0131 Oda<\/h5>\n                                <p>Akdeniz Manzaras\u0131 E\u015fli\u011finde Huzurlu Konaklama<\/p>\n                            <\/a>\n                        <\/div>\n                    <\/div>\n                    <div class=\"col-12 d-flex flex-column justify-content-center mb-3\">\n                        <h3 class=\"mb-3\">\n                            Double\/Triple Deniz Manzaral\u0131 Oda                        <\/h3>\n                        <p class=\"h5 text-dark\">\n                            Akdeniz Manzaras\u0131 E\u015fli\u011finde Huzurlu Konaklama                        <\/p>\n                        <p>\n                            Deniz Manzaral\u0131 Odalar\u0131m\u0131z, otelimizin 2. ve 3. katlar\u0131nda yer almakta olup, balkonlar\u0131nda \u00f6zel oturma alan\u0131 ve Akdeniz, Ka\u015f ve Meis Adas\u0131&#8217;n\u0131n panoramik manzaralar\u0131na sahiptir.                         <\/p>\n                        <p>\n                            <a class=\"btn btn-pri-light btn-large mt-3\" title=\"Double\/Triple Deniz Manzaral\u0131 Oda\" href=\"https:\/\/www.lunakas.com\/tr\/room\/double-triple-deniz-manzarali-oda\/\">G\u00f6zat <i class=\"ms-2 fas fa-chevron-circle-right\"><\/i><\/a>                        <\/p>\n                    <\/div>\n                <\/div>\n            <\/div>\n                    <div class=\"col-12 col-md-4 my-3 my-md-0\">\n                <div class=\"row\">\n                    <div class=\"col-12\">\n                        <div class=\"hoveryImg medium mb-3\" style=\"background-image: url('https:\/\/www.lunakas.com\/wp-content\/uploads\/2025\/11\/ER0A2867-484x323.jpg');\">\n                            <a href=\"https:\/\/www.lunakas.com\/tr\/room\/deluks-deniz-manzarali-oda\/\" title=\"Del\u00fcks Deniz Manzaral\u0131 Oda\" class=\"info\">\n                                <div class=\"hoveryCap\" style=\"background-image: url('https:\/\/www.lunakas.com\/wp-content\/uploads\/2025\/11\/ER0A2867-484x323.jpg');\"><\/div>\n                                <h5>Del\u00fcks Deniz Manzaral\u0131 Oda<\/h5>\n                                <p>Kusursuz Bir Konaklama ve Akdeniz Manzaras\u0131<\/p>\n                            <\/a>\n                        <\/div>\n                    <\/div>\n                    <div class=\"col-12 d-flex flex-column justify-content-center mb-3\">\n                        <h3 class=\"mb-3\">\n                            Del\u00fcks Deniz Manzaral\u0131 Oda                        <\/h3>\n                        <p class=\"h5 text-dark\">\n                            Kusursuz Bir Konaklama ve Akdeniz Manzaras\u0131                        <\/p>\n                        <p>\n                            Deluxe Deniz Manzaral\u0131 Odalar\u0131m\u0131z, otelimizin 2. ve 3. katlar\u0131nda yer almakta olup, 18 m\u00b2 b\u00fcy\u00fckl\u00fc\u011f\u00fcnde \u00f6zel balkona ve Akdeniz, Ka\u015f ve Meis Adas\u0131&#8217;n\u0131n panoramik manzaralar\u0131na sahiptir.                        <\/p>\n                        <p>\n                            <a class=\"btn btn-pri-light btn-large mt-3\" title=\"Del\u00fcks Deniz Manzaral\u0131 Oda\" href=\"https:\/\/www.lunakas.com\/tr\/room\/deluks-deniz-manzarali-oda\/\">G\u00f6zat <i class=\"ms-2 fas fa-chevron-circle-right\"><\/i><\/a>                        <\/p>\n                    <\/div>\n                <\/div>\n            <\/div>\n                    <div class=\"col-12 col-md-4 my-3 my-md-0\">\n                <div class=\"row\">\n                    <div class=\"col-12\">\n                        <div class=\"hoveryImg medium mb-3\" style=\"background-image: url('https:\/\/www.lunakas.com\/wp-content\/uploads\/2025\/11\/ER0A4642-484x323.jpg');\">\n                            <a href=\"https:\/\/www.lunakas.com\/tr\/room\/deniz-manzarali-studyo\/\" title=\"Deniz Manzaral\u0131 St\u00fcdyo\" class=\"info\">\n                                <div class=\"hoveryCap\" style=\"background-image: url('https:\/\/www.lunakas.com\/wp-content\/uploads\/2025\/11\/ER0A4642-484x323.jpg');\"><\/div>\n                                <h5>Deniz Manzaral\u0131 St\u00fcdyo<\/h5>\n                                <p>Akdeniz Manzaral\u0131 S\u0131cak Bir St\u00fcdyo<\/p>\n                            <\/a>\n                        <\/div>\n                    <\/div>\n                    <div class=\"col-12 d-flex flex-column justify-content-center mb-3\">\n                        <h3 class=\"mb-3\">\n                            Deniz Manzaral\u0131 St\u00fcdyo                        <\/h3>\n                        <p class=\"h5 text-dark\">\n                            Akdeniz Manzaral\u0131 S\u0131cak Bir St\u00fcdyo                        <\/p>\n                        <p>\n                            Deniz Manzaral\u0131 St\u00fcdyo Odam\u0131z, otelimizin 2. kat\u0131nda yer almakta olup, ta\u015f mimarisiyle Ka\u015f\u2019\u0131n ye\u015fil do\u011fas\u0131n\u0131 bulu\u015fturur. \u00c7ift ki\u015filik yatak ve gerekti\u011finde yata\u011fa d\u00f6n\u00fc\u015febilen bir kanepe ile maksimum 3 ki\u015filik konaklama imk\u00e2n\u0131 sunar.                        <\/p>\n                        <p>\n                            <a class=\"btn btn-pri-light btn-large mt-3\" title=\"Deniz Manzaral\u0131 St\u00fcdyo\" href=\"https:\/\/www.lunakas.com\/tr\/room\/deniz-manzarali-studyo\/\">G\u00f6zat <i class=\"ms-2 fas fa-chevron-circle-right\"><\/i><\/a>                        <\/p>\n                    <\/div>\n                <\/div>\n            <\/div>\n                    <div class=\"col-12 col-md-4 my-3 my-md-0\">\n                <div class=\"row\">\n                    <div class=\"col-12\">\n                        <div class=\"hoveryImg medium mb-3\" style=\"background-image: url('https:\/\/www.lunakas.com\/wp-content\/uploads\/2025\/11\/ER0A4670-484x323.jpg');\">\n                            <a href=\"https:\/\/www.lunakas.com\/tr\/room\/deniz-manzarali-ve-terasli-suite\/\" title=\"Deniz Manzaral\u0131 ve Terasl\u0131 Suite\" class=\"info\">\n                                <div class=\"hoveryCap\" style=\"background-image: url('https:\/\/www.lunakas.com\/wp-content\/uploads\/2025\/11\/ER0A4670-484x323.jpg');\"><\/div>\n                                <h5>Deniz Manzaral\u0131 ve Terasl\u0131 Suite<\/h5>\n                                <p>B\u00fcy\u00fcleyici Akdeniz Manzaras\u0131yla Geni\u015f ve Konforlu Bir Konaklama<\/p>\n                            <\/a>\n                        <\/div>\n                    <\/div>\n                    <div class=\"col-12 d-flex flex-column justify-content-center mb-3\">\n                        <h3 class=\"mb-3\">\n                            Deniz Manzaral\u0131 ve Terasl\u0131 Suite                        <\/h3>\n                        <p class=\"h5 text-dark\">\n                            B\u00fcy\u00fcleyici Akdeniz Manzaras\u0131yla Geni\u015f ve Konforlu Bir Konaklama                        <\/p>\n                        <p>\n                            Terasl\u0131 Deniz Manzaral\u0131 S\u00fcit Odam\u0131z, otelimizin 1. kat\u0131nda yer almakta olup 25 m\u00b2 geni\u015fli\u011findedir. Bir adet \u00e7ift ki\u015filik yatak ve bir adet a\u00e7\u0131labilir kanepe ile 3 ki\u015fiye kadar konaklama imk\u00e2n\u0131 sunar.                        <\/p>\n                        <p>\n                            <a class=\"btn btn-pri-light btn-large mt-3\" title=\"Deniz Manzaral\u0131 ve Terasl\u0131 Suite\" href=\"https:\/\/www.lunakas.com\/tr\/room\/deniz-manzarali-ve-terasli-suite\/\">G\u00f6zat <i class=\"ms-2 fas fa-chevron-circle-right\"><\/i><\/a>                        <\/p>\n                    <\/div>\n                <\/div>\n            <\/div>\n                    <div class=\"col-12 col-md-4 my-3 my-md-0\">\n                <div class=\"row\">\n                    <div class=\"col-12\">\n                        <div class=\"hoveryImg medium mb-3\" style=\"background-image: url('https:\/\/www.lunakas.com\/wp-content\/uploads\/2025\/11\/ER0A6450-484x323.jpg');\">\n                            <a href=\"https:\/\/www.lunakas.com\/tr\/room\/deniz-manzarali-aile-suiti\/\" title=\"Deniz Manzaral\u0131 Aile Suiti\" class=\"info\">\n                                <div class=\"hoveryCap\" style=\"background-image: url('https:\/\/www.lunakas.com\/wp-content\/uploads\/2025\/11\/ER0A6450-484x323.jpg');\"><\/div>\n                                <h5>Deniz Manzaral\u0131 Aile Suiti<\/h5>\n                                <p>Panoramik Akdeniz Manzaral\u0131 Geni\u015f Aile Konforu<\/p>\n                            <\/a>\n                        <\/div>\n                    <\/div>\n                    <div class=\"col-12 d-flex flex-column justify-content-center mb-3\">\n                        <h3 class=\"mb-3\">\n                            Deniz Manzaral\u0131 Aile Suiti                        <\/h3>\n                        <p class=\"h5 text-dark\">\n                            Panoramik Akdeniz Manzaral\u0131 Geni\u015f Aile Konforu                        <\/p>\n                        <p>\n                            Aile Deniz Manzaral\u0131 S\u00fcitlerimiz, otelimizin 2. ve 3. katlar\u0131nda yer almakta olup, 2 yatak odas\u0131, 1 oturma odas\u0131 ve Ka\u015f, Akdeniz ve Meis Adas\u0131&#8217;n\u0131n panoramik manzaras\u0131na sahip bir balkon sunmaktad\u0131r.                        <\/p>\n                        <p>\n                            <a class=\"btn btn-pri-light btn-large mt-3\" title=\"Deniz Manzaral\u0131 Aile Suiti\" href=\"https:\/\/www.lunakas.com\/tr\/room\/deniz-manzarali-aile-suiti\/\">G\u00f6zat <i class=\"ms-2 fas fa-chevron-circle-right\"><\/i><\/a>                        <\/p>\n                    <\/div>\n                <\/div>\n            <\/div>\n        <\/div>\n                    <\/section>\n        ","protected":false},"excerpt":{"rendered":"<p>Luna Hotel\u2019in bug\u00fcn bulundu\u011fu bina, Ka\u015f ile ya\u015fanan tutkulu bir a\u015fk\u0131n \u00fcr\u00fcn\u00fc. \u0130ngiltere\u2019den gelen Gordon ve Marion \u00e7ifti, 1980\u2019li y\u0131llarda Ka\u015f\u2019\u0131 ilk kez ziyaret ettiklerinde bu k\u00fc\u00e7\u00fck Akdeniz kasabas\u0131na \u00e2\u015f\u0131k oldular. Pitoresk sokaklar\u0131, s\u0131cak denizleri ve samimi yerel halk\u0131yla Ka\u015f, onlar\u0131n kalbinde silinmez bir iz b\u0131rakt\u0131. Zamanla ziyaretleri s\u0131kla\u015ft\u0131; t\u0131pk\u0131 bir\u00e7ok ki\u015finin ba\u015f\u0131na geldi\u011fi gibi, [&hellip;]<\/p>\n","protected":false},"author":1,"featured_media":0,"parent":0,"menu_order":0,"comment_status":"closed","ping_status":"closed","template":"","meta":{"footnotes":""},"class_list":["post-1268","page","type-page","status-publish","hentry"],"_links":{"self":[{"href":"https:\/\/www.lunakas.com\/tr\/wp-json\/wp\/v2\/pages\/1268","targetHints":{"allow":["GET"]}}],"collection":[{"href":"https:\/\/www.lunakas.com\/tr\/wp-json\/wp\/v2\/pages"}],"about":[{"href":"https:\/\/www.lunakas.com\/tr\/wp-json\/wp\/v2\/types\/page"}],"author":[{"embeddable":true,"href":"https:\/\/www.lunakas.com\/tr\/wp-json\/wp\/v2\/users\/1"}],"replies":[{"embeddable":true,"href":"https:\/\/www.lunakas.com\/tr\/wp-json\/wp\/v2\/comments?post=1268"}],"version-history":[{"count":0,"href":"https:\/\/www.lunakas.com\/tr\/wp-json\/wp\/v2\/pages\/1268\/revisions"}],"wp:attachment":[{"href":"https:\/\/www.lunakas.com\/tr\/wp-json\/wp\/v2\/media?parent=1268"}],"curies":[{"name":"wp","href":"https:\/\/api.w.org\/{rel}","templated":true}]}}