{"id":52,"date":"2025-04-26T15:12:44","date_gmt":"2025-04-26T12:12:44","guid":{"rendered":"http:\/\/109.232.221.202\/frequently-asked-questions\/"},"modified":"2026-02-21T16:59:24","modified_gmt":"2026-02-21T13:59:24","slug":"foire-aux-questions","status":"publish","type":"page","link":"https:\/\/www.lunakas.com\/fr\/foire-aux-questions\/","title":{"rendered":"Foire aux Questions"},"content":{"rendered":"        <div class=\"wp-block-hotelface-faq\">\n                        \n                        \n            <div id=\"accordion-69f55fb3b3e19\" itemscope itemtype=\"https:\/\/schema.org\/FAQPage\">\n                            <div class=\"card p-3 border mb-3\" itemscope itemprop=\"mainEntity\" itemtype=\"https:\/\/schema.org\/Question\">\n                    <div id=\"heading_faq-540-69f55fb3b3e5f\">\n                        <h3 class=\"h4 mb-0 wp-block-hotelface-faq-title\" itemprop=\"name\">\n                            <a href=\"#\" class=\"text-decoration-none\" data-bs-toggle=\"collapse\" data-bs-target=\"#faq-540-69f55fb3b3e5f\" aria-expanded=\"false\" aria-controls=\"faq-540-69f55fb3b3e5f\">\n                                J&#039;ai organis\u00e9 un transfert avec vous, mais comment reconna\u00eetre le chauffeur ?                            <\/a>\n                        <\/h3>\n                    <\/div>\n\n                    <div id=\"faq-540-69f55fb3b3e5f\" class=\"collapse px-0\" aria-labelledby=\"heading_faq-540-69f55fb3b3e5f\" data-bs-parent=\"#accordion-69f55fb3b3e19\" itemscope itemprop=\"acceptedAnswer\" itemtype=\"https:\/\/schema.org\/Answer\">\n                        <div itemprop=\"text\" class=\"mt-2\">\n                            <p class=\"\" data-start=\"394\" data-end=\"676\">Notre chauffeur vous attendra dans la zone des arriv\u00e9es de l\u2019a\u00e9roport avec une pancarte portant votre nom, afin que vous puissiez le reconna\u00eetre facilement.<br data-start=\"550\" data-end=\"553\" \/>En cas de probl\u00e8me ou de retard, n\u2019h\u00e9sitez pas \u00e0 nous contacter imm\u00e9diatement \u2014 nous serons ravis de vous aider rapidement.<\/p>\n<p class=\"\" data-start=\"678\" data-end=\"720\">Nous vous souhaitons un excellent voyage !<\/p>\n                        <\/div>\n                    <\/div>\n                <\/div>\n                            <div class=\"card p-3 border mb-3\" itemscope itemprop=\"mainEntity\" itemtype=\"https:\/\/schema.org\/Question\">\n                    <div id=\"heading_faq-537-69f55fb3b45d1\">\n                        <h3 class=\"h4 mb-0 wp-block-hotelface-faq-title\" itemprop=\"name\">\n                            <a href=\"#\" class=\"text-decoration-none\" data-bs-toggle=\"collapse\" data-bs-target=\"#faq-537-69f55fb3b45d1\" aria-expanded=\"false\" aria-controls=\"faq-537-69f55fb3b45d1\">\n                                Quelle est la meilleure p\u00e9riode pour visiter Ka\u015f ?                            <\/a>\n                        <\/h3>\n                    <\/div>\n\n                    <div id=\"faq-537-69f55fb3b45d1\" class=\"collapse px-0\" aria-labelledby=\"heading_faq-537-69f55fb3b45d1\" data-bs-parent=\"#accordion-69f55fb3b3e19\" itemscope itemprop=\"acceptedAnswer\" itemtype=\"https:\/\/schema.org\/Answer\">\n                        <div itemprop=\"text\" class=\"mt-2\">\n                            <p>Les mois les plus chauds et les plus fr\u00e9quent\u00e9s \u00e0 Ka\u015f sont juillet, ao\u00fbt et septembre.<br \/>\nSi vous pr\u00e9f\u00e9rez \u00e9viter la foule et profiter d&#8217;un climat plus doux, mai, juin, octobre et novembre sont des p\u00e9riodes id\u00e9ales.<br \/>\nEn mai et juin, les journ\u00e9es sont longues et le temps est agr\u00e9able ; cependant, la mer se r\u00e9chauffe plus lentement que l&#8217;air, elle peut donc \u00eatre plus fra\u00eeche que pr\u00e9vu durant ces mois.<br \/>\nEn octobre et novembre, la mer est agr\u00e9ablement chaude et le temps est magnifique, bien que les journ\u00e9es d&#8217;automne soient plus courtes.<br \/>\nLes mois de d\u00e9cembre, janvier et f\u00e9vrier sont g\u00e9n\u00e9ralement caract\u00e9ris\u00e9s par un temps frais et pluvieux, peu propice \u00e0 des vacances \u00e0 la plage.<br \/>\nEn mars et avril, il peut encore faire trop frais pour la baignade et le bronzage, mais ce sont des mois parfaits pour la randonn\u00e9e et d&#8217;autres activit\u00e9s de plein air.<\/p>\n                        <\/div>\n                    <\/div>\n                <\/div>\n                            <div class=\"card p-3 border mb-3\" itemscope itemprop=\"mainEntity\" itemtype=\"https:\/\/schema.org\/Question\">\n                    <div id=\"heading_faq-544-69f55fb3b461d\">\n                        <h3 class=\"h4 mb-0 wp-block-hotelface-faq-title\" itemprop=\"name\">\n                            <a href=\"#\" class=\"text-decoration-none\" data-bs-toggle=\"collapse\" data-bs-target=\"#faq-544-69f55fb3b461d\" aria-expanded=\"false\" aria-controls=\"faq-544-69f55fb3b461d\">\n                                Voyager pendant le Ramadan ou d&#039;autres f\u00eates religieuses affectera-t-il notre s\u00e9jour ?                            <\/a>\n                        <\/h3>\n                    <\/div>\n\n                    <div id=\"faq-544-69f55fb3b461d\" class=\"collapse px-0\" aria-labelledby=\"heading_faq-544-69f55fb3b461d\" data-bs-parent=\"#accordion-69f55fb3b3e19\" itemscope itemprop=\"acceptedAnswer\" itemtype=\"https:\/\/schema.org\/Answer\">\n                        <div itemprop=\"text\" class=\"mt-2\">\n                            <p>Comme le tourisme est l&#8217;industrie principale \u00e0 Ka\u015f, la vie continue normalement pendant le Ramadan et les autres f\u00eates.<br data-start=\"263\" data-end=\"266\" \/>Tous les restaurants, caf\u00e9s et bars restent ouverts pendant le Ramadan, et le syst\u00e8me de bus fonctionne comme d&#8217;habitude.<br data-start=\"387\" data-end=\"390\" \/>La seule influence des f\u00eates religieuses ou des f\u00eates nationales turques sur la ville est l&#8217;afflux de touristes locaux.<br data-start=\"509\" data-end=\"512\" \/>Par cons\u00e9quent, il peut \u00eatre difficile de trouver un h\u00e9bergement pendant ces p\u00e9riodes, il est donc recommand\u00e9 de r\u00e9server \u00e0 l&#8217;avance !<\/p>\n                        <\/div>\n                    <\/div>\n                <\/div>\n                            <div class=\"card p-3 border mb-3\" itemscope itemprop=\"mainEntity\" itemtype=\"https:\/\/schema.org\/Question\">\n                    <div id=\"heading_faq-548-69f55fb3b46b0\">\n                        <h3 class=\"h4 mb-0 wp-block-hotelface-faq-title\" itemprop=\"name\">\n                            <a href=\"#\" class=\"text-decoration-none\" data-bs-toggle=\"collapse\" data-bs-target=\"#faq-548-69f55fb3b46b0\" aria-expanded=\"false\" aria-controls=\"faq-548-69f55fb3b46b0\">\n                                Pouvez-vous nous aider \u00e0 r\u00e9server une excursion en bateau pendant notre s\u00e9jour \u00e0 Ka\u015f ?                            <\/a>\n                        <\/h3>\n                    <\/div>\n\n                    <div id=\"faq-548-69f55fb3b46b0\" class=\"collapse px-0\" aria-labelledby=\"heading_faq-548-69f55fb3b46b0\" data-bs-parent=\"#accordion-69f55fb3b3e19\" itemscope itemprop=\"acceptedAnswer\" itemtype=\"https:\/\/schema.org\/Answer\">\n                        <div itemprop=\"text\" class=\"mt-2\">\n                            <p>Nous serions ravis d\u2019aider nos clients \u00e0 organiser une excursion en bateau ou toute autre sortie d\u2019une journ\u00e9e.<br data-start=\"255\" data-end=\"258\" \/>Pendant la haute saison, il est presque garanti de trouver une place, car la plupart des excursions partent quotidiennement.<br data-start=\"382\" data-end=\"385\" \/>Cependant, au printemps ou en automne, certaines journ\u00e9es peuvent ne pas voir de d\u00e9parts, car chaque excursion n\u00e9cessite un nombre minimum de passagers.<br data-start=\"537\" data-end=\"540\" \/>Quoi qu\u2019il en soit, nous ferons de notre mieux pour organiser une excursion en bateau ou toute autre activit\u00e9 de votre choix.<br data-start=\"665\" data-end=\"668\" data-is-only-node=\"\" \/>Veuillez noter qu\u2019il n\u2019existe pas d\u2019excursions d&#8217;une demi-journ\u00e9e : toutes les sorties durent une journ\u00e9e compl\u00e8te.<br data-start=\"783\" data-end=\"786\" \/>Les prix peuvent varier d&#8217;une ann\u00e9e \u00e0 l&#8217;autre.<\/p>\n                        <\/div>\n                    <\/div>\n                <\/div>\n                            <div class=\"card p-3 border mb-3\" itemscope itemprop=\"mainEntity\" itemtype=\"https:\/\/schema.org\/Question\">\n                    <div id=\"heading_faq-552-69f55fb3b46fb\">\n                        <h3 class=\"h4 mb-0 wp-block-hotelface-faq-title\" itemprop=\"name\">\n                            <a href=\"#\" class=\"text-decoration-none\" data-bs-toggle=\"collapse\" data-bs-target=\"#faq-552-69f55fb3b46fb\" aria-expanded=\"false\" aria-controls=\"faq-552-69f55fb3b46fb\">\n                                Quel est le meilleur moyen d\u2019acc\u00e9der \u00e0 votre h\u00f4tel depuis l\u2019a\u00e9roport ?                            <\/a>\n                        <\/h3>\n                    <\/div>\n\n                    <div id=\"faq-552-69f55fb3b46fb\" class=\"collapse px-0\" aria-labelledby=\"heading_faq-552-69f55fb3b46fb\" data-bs-parent=\"#accordion-69f55fb3b3e19\" itemscope itemprop=\"acceptedAnswer\" itemtype=\"https:\/\/schema.org\/Answer\">\n                        <div itemprop=\"text\" class=\"mt-2\">\n                            <div class=\"acc-panel-title\">\n<p data-start=\"105\" data-end=\"149\"><strong>\u2708\ufe0f Transfert depuis l\u2019a\u00e9roport d\u2019Antalya<\/strong><\/p>\n<p class=\"\" data-start=\"151\" data-end=\"295\">Si vous venez avec votre propre v\u00e9hicule ou un v\u00e9hicule de location depuis l\u2019a\u00e9roport, le trajet entre Antalya et Ka\u015f dure environ <strong data-start=\"282\" data-end=\"294\">3 heures<\/strong>.<\/p>\n<p class=\"\" data-start=\"297\" data-end=\"576\">L\u2019option la plus rapide et la plus confortable est notre <strong data-start=\"354\" data-end=\"384\">service de transfert priv\u00e9<\/strong>. Sur demande, nous pouvons organiser votre transfert <strong data-start=\"438\" data-end=\"456\">a\u00e9roport\u2013h\u00f4tel<\/strong> ou <strong data-start=\"460\" data-end=\"478\">h\u00f4tel\u2013a\u00e9roport<\/strong> avec plaisir.<br data-start=\"492\" data-end=\"495\" \/>Pour obtenir des informations sur les tarifs, n\u2019h\u00e9sitez pas \u00e0 <strong data-start=\"557\" data-end=\"575\">nous contacter<\/strong>.<\/p>\n<p class=\"\" data-start=\"578\" data-end=\"1084\">Si vous pr\u00e9f\u00e9rez les transports en commun, vous devez d\u2019abord rejoindre le centre-ville depuis l\u2019a\u00e9roport d\u2019Antalya.<br data-start=\"694\" data-end=\"697\" \/>Pour cela, vous pouvez prendre un <strong data-start=\"731\" data-end=\"745\">bus urbain<\/strong>, un <strong data-start=\"750\" data-end=\"761\">tramway<\/strong>, un <strong data-start=\"766\" data-end=\"774\">taxi<\/strong> ou les <strong data-start=\"782\" data-end=\"800\">navettes Hava\u015f<\/strong> jusqu\u2019\u00e0 la gare routi\u00e8re d\u2019Antalya (<strong data-start=\"837\" data-end=\"859\">environ 40 minutes<\/strong>, selon la circulation).<br data-start=\"883\" data-end=\"886\" \/>Depuis la gare routi\u00e8re, le trajet en bus jusqu\u2019\u00e0 Ka\u015f dure environ <strong data-start=\"953\" data-end=\"961\">4h30<\/strong>.<br data-start=\"962\" data-end=\"965\" \/>Nous vous recommandons de <strong data-start=\"991\" data-end=\"1027\">v\u00e9rifier les horaires \u00e0 l\u2019avance<\/strong>, car il peut \u00eatre difficile de trouver un bus en soir\u00e9e.<\/p>\n<hr class=\"\" data-start=\"1086\" data-end=\"1089\" \/>\n<p data-start=\"1091\" data-end=\"1136\"><strong>\u2708\ufe0f Transfert depuis l\u2019a\u00e9roport de Dalaman<\/strong><\/p>\n<p class=\"\" data-start=\"1138\" data-end=\"1240\">Depuis Dalaman, le trajet jusqu\u2019\u00e0 Ka\u015f en voiture ou en v\u00e9hicule de location dure environ <strong data-start=\"1227\" data-end=\"1239\">2 heures<\/strong>.<\/p>\n<p class=\"\" data-start=\"1242\" data-end=\"1434\">Le moyen le plus rapide et pratique reste le <strong data-start=\"1287\" data-end=\"1306\">transfert priv\u00e9<\/strong>.<br data-start=\"1307\" data-end=\"1310\" \/>Nous pouvons l\u2019organiser facilement pour vous, si vous le souhaitez.<br data-start=\"1378\" data-end=\"1381\" \/>Pour les <strong data-start=\"1390\" data-end=\"1400\">tarifs<\/strong>, il suffit de <strong data-start=\"1415\" data-end=\"1433\">nous contacter<\/strong>.<\/p>\n<p class=\"\" data-start=\"1436\" data-end=\"1794\">Si vous choisissez les transports en commun, vous devez d\u2019abord prendre une navette <strong data-start=\"1520\" data-end=\"1529\">Hava\u015f<\/strong> depuis l\u2019a\u00e9roport de Dalaman jusqu\u2019\u00e0 la <strong data-start=\"1570\" data-end=\"1598\">gare routi\u00e8re de Fethiye<\/strong>.<br data-start=\"1599\" data-end=\"1602\" \/>De l\u00e0, vous pouvez prendre un <strong data-start=\"1632\" data-end=\"1643\">minibus<\/strong> pour Ka\u015f, ce qui prend environ <strong data-start=\"1675\" data-end=\"1683\">2h30<\/strong>.<br data-start=\"1684\" data-end=\"1687\" \/>Les d\u00e9parts en soir\u00e9e \u00e9tant moins fr\u00e9quents, nous vous conseillons de <strong data-start=\"1757\" data-end=\"1793\">v\u00e9rifier les horaires \u00e0 l\u2019avance<\/strong>.<\/p>\n<\/div>\n                        <\/div>\n                    <\/div>\n                <\/div>\n                            <div class=\"card p-3 border mb-3\" itemscope itemprop=\"mainEntity\" itemtype=\"https:\/\/schema.org\/Question\">\n                    <div id=\"heading_faq-556-69f55fb3b4802\">\n                        <h3 class=\"h4 mb-0 wp-block-hotelface-faq-title\" itemprop=\"name\">\n                            <a href=\"#\" class=\"text-decoration-none\" data-bs-toggle=\"collapse\" data-bs-target=\"#faq-556-69f55fb3b4802\" aria-expanded=\"false\" aria-controls=\"faq-556-69f55fb3b4802\">\n                                Comment puis-je trouver votre h\u00f4tel depuis la gare routi\u00e8re ?                            <\/a>\n                        <\/h3>\n                    <\/div>\n\n                    <div id=\"faq-556-69f55fb3b4802\" class=\"collapse px-0\" aria-labelledby=\"heading_faq-556-69f55fb3b4802\" data-bs-parent=\"#accordion-69f55fb3b3e19\" itemscope itemprop=\"acceptedAnswer\" itemtype=\"https:\/\/schema.org\/Answer\">\n                        <div itemprop=\"text\" class=\"mt-2\">\n                            <p class=\"\" data-start=\"114\" data-end=\"137\"><strong data-start=\"114\" data-end=\"137\">Itin\u00e9raire \u00e0 pied :<\/strong><\/p>\n<p class=\"\" data-start=\"139\" data-end=\"902\">Sortez de la gare routi\u00e8re de Ka\u015f par le c\u00f4t\u00e9 est et tournez \u00e0 droite (vers le sud). Apr\u00e8s quelques pas, vous arriverez \u00e0 une intersection \u2014 tournez \u00e0 gauche et continuez tout droit, en gardant la station-service Petrol Ofisi sur votre droite. Continuez tout droit ; vous verrez le centre de sant\u00e9 sur votre gauche. Bient\u00f4t, vous atteindrez le parc Likya (zone de stationnement) ; traversez le parc pour rejoindre la rue Likya. Une fois sur la rue Likya, tournez \u00e0 droite et suivez la route tout droit. Vous passerez l&#8217;\u00e9cole Merkez sur votre droite ; juste apr\u00e8s, regardez \u00e0 gauche \u2014 vous verrez les panneaux indiquant Luna Hotel. Suivez les panneaux vers l\u2019escalier. Montez les trois s\u00e9ries de marches ; en haut, des panneaux vous guideront jusqu\u2019\u00e0 la r\u00e9ception.<\/p>\n<p class=\"\" data-start=\"904\" data-end=\"1138\">Si vous pr\u00e9f\u00e9rez ne pas marcher, des taxis sont facilement disponibles devant la gare routi\u00e8re. Un taxi peut vous d\u00e9poser directement sur le parking de l\u2019h\u00f4tel, vous permettant ainsi d\u2019\u00e9viter les escaliers pour acc\u00e9der \u00e0 la r\u00e9ception.<\/p>\n<p class=\"\" data-start=\"1140\" data-end=\"1188\"><strong data-start=\"1140\" data-end=\"1188\">Transfert depuis la gare routi\u00e8re d\u2019A\u011fullu :<\/strong><\/p>\n<p class=\"\" data-start=\"1190\" data-end=\"1535\">La gare routi\u00e8re d\u2019A\u011fullu (la nouvelle gare de Ka\u015f) est situ\u00e9e un peu \u00e0 l\u2019ext\u00e9rieur du centre-ville. De l\u00e0, vous pouvez prendre un taxi ou emprunter les minibus r\u00e9guliers jusqu\u2019au centre de Ka\u015f. Les minibus vous d\u00e9poseront \u00e0 la gare routi\u00e8re centrale de Ka\u015f, d\u2019o\u00f9 vous pourrez suivre les instructions ci-dessus pour rejoindre notre h\u00f4tel \u00e0 pied.<\/p>\n<p class=\"\" data-start=\"1537\" data-end=\"1843\">Si vous pr\u00e9f\u00e9rez venir directement \u00e0 l\u2019h\u00f4tel en taxi, dites simplement au chauffeur : \u00ab Luna Hotel Ka\u015f \u00bb.<br data-start=\"1642\" data-end=\"1645\" \/>Veuillez \u00e9galement rappeler au chauffeur de suivre l\u2019itin\u00e9raire menant au parking de l\u2019h\u00f4tel afin de vous d\u00e9poser directement \u00e0 l\u2019entr\u00e9e de la r\u00e9ception \u2014 cela vous permettra d\u2019\u00e9viter les escaliers.<\/p>\n                        <\/div>\n                    <\/div>\n                <\/div>\n                            <div class=\"card p-3 border mb-3\" itemscope itemprop=\"mainEntity\" itemtype=\"https:\/\/schema.org\/Question\">\n                    <div id=\"heading_faq-577-69f55fb3b488f\">\n                        <h3 class=\"h4 mb-0 wp-block-hotelface-faq-title\" itemprop=\"name\">\n                            <a href=\"#\" class=\"text-decoration-none\" data-bs-toggle=\"collapse\" data-bs-target=\"#faq-577-69f55fb3b488f\" aria-expanded=\"false\" aria-controls=\"faq-577-69f55fb3b488f\">\n                                Comment puis-je atteindre l&#039;h\u00f4tel en venant d&#039;Antalya ?                            <\/a>\n                        <\/h3>\n                    <\/div>\n\n                    <div id=\"faq-577-69f55fb3b488f\" class=\"collapse px-0\" aria-labelledby=\"heading_faq-577-69f55fb3b488f\" data-bs-parent=\"#accordion-69f55fb3b3e19\" itemscope itemprop=\"acceptedAnswer\" itemtype=\"https:\/\/schema.org\/Answer\">\n                        <div itemprop=\"text\" class=\"mt-2\">\n                            <div class=\"acc-panel-title\">\n<p class=\"\" data-start=\"1221\" data-end=\"1571\">Si vous venez en voiture depuis Antalya, trouver notre h\u00f4tel est assez simple. Une fois arriv\u00e9 \u00e0 Ka\u015f, dirigez-vous vers le centre-ville ; notre h\u00f4tel est situ\u00e9 en plein c\u0153ur de Ka\u015f, \u00e0 quelques pas du port et de la place principale. Il vous suffit de rechercher \u201cLuna Hotel Ka\u015f\u201d dans votre application de navigation pour obtenir un itin\u00e9raire g\u00e9n\u00e9ral.<\/p>\n<p class=\"\" data-start=\"1573\" data-end=\"1749\">Pour arriver directement \u00e0 notre parking et \u00e0 la r\u00e9ception de l&#8217;h\u00f4tel, nous vous recommandons d\u2019utiliser les coordonn\u00e9es suivantes :<br data-start=\"1705\" data-end=\"1708\" \/><strong data-start=\"1708\" data-end=\"1749\">36.20032371858536, 29.644303678947615<\/strong><\/p>\n<p class=\"\" data-start=\"1751\" data-end=\"2223\">Vous pouvez copier et coller ces coordonn\u00e9es dans Google Maps ou toute autre application GPS pour \u00eatre guid\u00e9 directement jusqu&#8217;\u00e0 l&#8217;entr\u00e9e de l&#8217;h\u00f4tel. Veuillez noter que, selon l\u2019application utilis\u00e9e, des erreurs ponctuelles peuvent survenir. Nous vous conseillons de v\u00e9rifier l\u2019itin\u00e9raire \u00e0 l\u2019approche du centre de Ka\u015f pour garantir une arriv\u00e9e en toute tranquillit\u00e9.<br data-start=\"2118\" data-end=\"2121\" \/>Si vous avez besoin d&#8217;aide en chemin, n&#8217;h\u00e9sitez pas \u00e0 nous appeler \u2014 nous serons ravis de vous aider !<\/p>\n<p class=\"\" data-start=\"2225\" data-end=\"2304\"><strong data-start=\"2225\" data-end=\"2244\">Notre adresse :<\/strong><br data-start=\"2244\" data-end=\"2247\" \/>Andifli Mahallesi Ar\u0131san Sokak No:18\/2, 07580 Ka\u015f\/Antalya<\/p>\n<p class=\"\" data-start=\"2306\" data-end=\"2354\">Nous vous souhaitons un agr\u00e9able et s\u00fbr voyage !<\/p>\n<\/div>\n                        <\/div>\n                    <\/div>\n                <\/div>\n                            <div class=\"card p-3 border mb-3\" itemscope itemprop=\"mainEntity\" itemtype=\"https:\/\/schema.org\/Question\">\n                    <div id=\"heading_faq-574-69f55fb3b4937\">\n                        <h3 class=\"h4 mb-0 wp-block-hotelface-faq-title\" itemprop=\"name\">\n                            <a href=\"#\" class=\"text-decoration-none\" data-bs-toggle=\"collapse\" data-bs-target=\"#faq-574-69f55fb3b4937\" aria-expanded=\"false\" aria-controls=\"faq-574-69f55fb3b4937\">\n                                L&#039;h\u00f4tel dispose-t-il de sa propre plage ?                            <\/a>\n                        <\/h3>\n                    <\/div>\n\n                    <div id=\"faq-574-69f55fb3b4937\" class=\"collapse px-0\" aria-labelledby=\"heading_faq-574-69f55fb3b4937\" data-bs-parent=\"#accordion-69f55fb3b3e19\" itemscope itemprop=\"acceptedAnswer\" itemtype=\"https:\/\/schema.org\/Answer\">\n                        <div itemprop=\"text\" class=\"mt-2\">\n                            <p class=\"\" data-start=\"99\" data-end=\"320\">Non, notre h\u00f4tel ne poss\u00e8de pas sa propre plage ni de plateforme de baignade.<br data-start=\"176\" data-end=\"179\" \/>Cependant, la plage la plus proche, une petite plage de galets appel\u00e9e \u00ab K\u00fc\u00e7\u00fck \u00c7ak\u0131l \u00bb, se trouve \u00e0 seulement cinq minutes \u00e0 pied de l&#8217;h\u00f4tel.<\/p>\n                        <\/div>\n                    <\/div>\n                <\/div>\n                            <div class=\"card p-3 border mb-3\" itemscope itemprop=\"mainEntity\" itemtype=\"https:\/\/schema.org\/Question\">\n                    <div id=\"heading_faq-571-69f55fb3b49d3\">\n                        <h3 class=\"h4 mb-0 wp-block-hotelface-faq-title\" itemprop=\"name\">\n                            <a href=\"#\" class=\"text-decoration-none\" data-bs-toggle=\"collapse\" data-bs-target=\"#faq-571-69f55fb3b49d3\" aria-expanded=\"false\" aria-controls=\"faq-571-69f55fb3b49d3\">\n                                \u00c0 quelle distance \u00eates-vous du centre-ville ?                            <\/a>\n                        <\/h3>\n                    <\/div>\n\n                    <div id=\"faq-571-69f55fb3b49d3\" class=\"collapse px-0\" aria-labelledby=\"heading_faq-571-69f55fb3b49d3\" data-bs-parent=\"#accordion-69f55fb3b3e19\" itemscope itemprop=\"acceptedAnswer\" itemtype=\"https:\/\/schema.org\/Answer\">\n                        <div itemprop=\"text\" class=\"mt-2\">\n                            <p class=\"\" data-start=\"103\" data-end=\"233\">L&#8217;H\u00f4tel Luna est id\u00e9alement situ\u00e9, \u00e0 seulement 5 minutes \u00e0 pied de tous les bars, restaurants et boutiques du centre-ville de Ka\u015f.<\/p>\n                        <\/div>\n                    <\/div>\n                <\/div>\n                            <div class=\"card p-3 border mb-3\" itemscope itemprop=\"mainEntity\" itemtype=\"https:\/\/schema.org\/Question\">\n                    <div id=\"heading_faq-568-69f55fb3b4a14\">\n                        <h3 class=\"h4 mb-0 wp-block-hotelface-faq-title\" itemprop=\"name\">\n                            <a href=\"#\" class=\"text-decoration-none\" data-bs-toggle=\"collapse\" data-bs-target=\"#faq-568-69f55fb3b4a14\" aria-expanded=\"false\" aria-controls=\"faq-568-69f55fb3b4a14\">\n                                Avez-vous un parking ?                            <\/a>\n                        <\/h3>\n                    <\/div>\n\n                    <div id=\"faq-568-69f55fb3b4a14\" class=\"collapse px-0\" aria-labelledby=\"heading_faq-568-69f55fb3b4a14\" data-bs-parent=\"#accordion-69f55fb3b3e19\" itemscope itemprop=\"acceptedAnswer\" itemtype=\"https:\/\/schema.org\/Answer\">\n                        <div itemprop=\"text\" class=\"mt-2\">\n                            <p>Oui, nous proposons un parking gratuit pour nos clients.<br \/>\nBien que le terrain ne soit pas goudronn\u00e9, il s\u2019agit d\u2019un espace spacieux en sol naturel situ\u00e9 \u00e0 proximit\u00e9 de l\u2019h\u00f4tel, o\u00f9 les clients peuvent garer leur v\u00e9hicule en toute s\u00e9curit\u00e9. Le stationnement est gratuit, ce qui vous permet de profiter pleinement de votre s\u00e9jour sans avoir \u00e0 chercher une place \u2014 surtout pendant la haute saison estivale \u00e0 Ka\u015f.<\/p>\n                        <\/div>\n                    <\/div>\n                <\/div>\n                            <div class=\"card p-3 border \" itemscope itemprop=\"mainEntity\" itemtype=\"https:\/\/schema.org\/Question\">\n                    <div id=\"heading_faq-564-69f55fb3b4a6d\">\n                        <h3 class=\"h4 mb-0 wp-block-hotelface-faq-title\" itemprop=\"name\">\n                            <a href=\"#\" class=\"text-decoration-none\" data-bs-toggle=\"collapse\" data-bs-target=\"#faq-564-69f55fb3b4a6d\" aria-expanded=\"false\" aria-controls=\"faq-564-69f55fb3b4a6d\">\n                                Avez-vous un ascenseur ?                            <\/a>\n                        <\/h3>\n                    <\/div>\n\n                    <div id=\"faq-564-69f55fb3b4a6d\" class=\"collapse px-0\" aria-labelledby=\"heading_faq-564-69f55fb3b4a6d\" data-bs-parent=\"#accordion-69f55fb3b3e19\" itemscope itemprop=\"acceptedAnswer\" itemtype=\"https:\/\/schema.org\/Answer\">\n                        <div itemprop=\"text\" class=\"mt-2\">\n                            <p>Non, malheureusement, la plupart des b\u00e2timents \u00e0 Ka\u015f, y compris l&#8217;H\u00f4tel Luna, ne disposent pas d&#8217;ascenseur.<br data-start=\"189\" data-end=\"192\" \/>L&#8217;acc\u00e8s au b\u00e2timent se fait par des escaliers.<\/p>\n                        <\/div>\n                    <\/div>\n                <\/div>\n                                    <\/div>\n            \n                    <\/div>\n        \n\n\n<p><\/p>\n","protected":false},"excerpt":{"rendered":"","protected":false},"author":1,"featured_media":0,"parent":0,"menu_order":0,"comment_status":"closed","ping_status":"closed","template":"","meta":{"footnotes":""},"class_list":["post-52","page","type-page","status-publish","hentry"],"_links":{"self":[{"href":"https:\/\/www.lunakas.com\/fr\/wp-json\/wp\/v2\/pages\/52","targetHints":{"allow":["GET"]}}],"collection":[{"href":"https:\/\/www.lunakas.com\/fr\/wp-json\/wp\/v2\/pages"}],"about":[{"href":"https:\/\/www.lunakas.com\/fr\/wp-json\/wp\/v2\/types\/page"}],"author":[{"embeddable":true,"href":"https:\/\/www.lunakas.com\/fr\/wp-json\/wp\/v2\/users\/1"}],"replies":[{"embeddable":true,"href":"https:\/\/www.lunakas.com\/fr\/wp-json\/wp\/v2\/comments?post=52"}],"version-history":[{"count":1,"href":"https:\/\/www.lunakas.com\/fr\/wp-json\/wp\/v2\/pages\/52\/revisions"}],"predecessor-version":[{"id":1471,"href":"https:\/\/www.lunakas.com\/fr\/wp-json\/wp\/v2\/pages\/52\/revisions\/1471"}],"wp:attachment":[{"href":"https:\/\/www.lunakas.com\/fr\/wp-json\/wp\/v2\/media?parent=52"}],"curies":[{"name":"wp","href":"https:\/\/api.w.org\/{rel}","templated":true}]}}