{"id":1269,"date":"2025-04-26T15:04:59","date_gmt":"2025-04-26T12:04:59","guid":{"rendered":"https:\/\/new.lunakas.com\/about-us\/"},"modified":"2026-02-18T23:40:16","modified_gmt":"2026-02-18T20:40:16","slug":"lhistoire-de-lhotel-luna","status":"publish","type":"page","link":"https:\/\/www.lunakas.com\/fr\/lhistoire-de-lhotel-luna\/","title":{"rendered":"L\u2019histoire de l\u2019H\u00f4tel Luna"},"content":{"rendered":"<div class=\"wp-block-image\">\n<figure class=\"alignright size-full is-resized\"><img decoding=\"async\" width=\"1024\" height=\"768\" src=\"https:\/\/new.lunakas.com\/wp-content\/uploads\/2026\/02\/ahmet-marie.jpg\" alt=\"\" class=\"wp-image-1234\" style=\"aspect-ratio:1.3333416007341452;width:389px;height:auto\" srcset=\"https:\/\/www.lunakas.com\/wp-content\/uploads\/2026\/02\/ahmet-marie.jpg 1024w, https:\/\/www.lunakas.com\/wp-content\/uploads\/2026\/02\/ahmet-marie-300x225.jpg 300w, https:\/\/www.lunakas.com\/wp-content\/uploads\/2026\/02\/ahmet-marie-768x576.jpg 768w, https:\/\/www.lunakas.com\/wp-content\/uploads\/2026\/02\/ahmet-marie-217x163.jpg 217w\" sizes=\"(max-width: 1024px) 100vw, 1024px\" \/><\/figure>\n<\/div>\n\n\n<p>Le b\u00e2timent qui abrite aujourd\u2019hui l\u2019H\u00f4tel Luna est le fruit d\u2019une passion profonde pour Ka\u015f. Lorsque Gordon et Marion, un couple venu d\u2019Angleterre, ont d\u00e9couvert Ka\u015f pour la premi\u00e8re fois dans les ann\u00e9es 1980, ils sont tomb\u00e9s amoureux de ce charmant village m\u00e9diterran\u00e9en. Avec ses ruelles pittoresques, sa mer chaleureuse et ses habitants accueillants, Ka\u015f a laiss\u00e9 une empreinte ind\u00e9l\u00e9bile dans leur c\u0153ur. Au fil du temps, leurs visites se sont multipli\u00e9es, et comme pour beaucoup d&#8217;autres, cet endroit magnifique ne les a jamais quitt\u00e9s. Ils ont finalement d\u00e9cid\u00e9 de faire de Ka\u015f \u2014 plus pr\u00e9cis\u00e9ment, du terrain o\u00f9 se trouve aujourd\u2019hui l\u2019H\u00f4tel Luna \u2014 leur chez-eux.<\/p>\n\n\n\n<p>Ils ont trouv\u00e9 un terrain id\u00e9alement situ\u00e9 entre la colline paisible et le centre-ville de Ka\u015f, et ont commenc\u00e9 \u00e0 construire la maison de leurs r\u00eaves. Chaque d\u00e9tail a \u00e9t\u00e9 pens\u00e9 avec soin : des murs en pierre gardant la fra\u00eecheur en \u00e9t\u00e9 et la chaleur en hiver, aux rev\u00eatements en bois r\u00e9cup\u00e9r\u00e9s de l\u2019\u00e9cole primaire locale. Le r\u00e9sultat : une b\u00e2tisse \u00e9l\u00e9gante et chaleureuse, construite par des amoureux de Ka\u015f, pour des amoureux de Ka\u015f.<\/p>\n\n\n<div class=\"wp-block-image\">\n<figure class=\"alignleft size-large is-resized\"><img decoding=\"async\" width=\"1024\" height=\"682\" src=\"https:\/\/new.lunakas.com\/wp-content\/uploads\/2026\/02\/IMG_6473-1-1170x779_c-1024x682.jpg\" alt=\"\" class=\"wp-image-1243\" style=\"aspect-ratio:1.5014802815327897;width:383px;height:auto\" srcset=\"https:\/\/www.lunakas.com\/wp-content\/uploads\/2026\/02\/IMG_6473-1-1170x779_c-1024x682.jpg 1024w, https:\/\/www.lunakas.com\/wp-content\/uploads\/2026\/02\/IMG_6473-1-1170x779_c-300x200.jpg 300w, https:\/\/www.lunakas.com\/wp-content\/uploads\/2026\/02\/IMG_6473-1-1170x779_c-768x511.jpg 768w, https:\/\/www.lunakas.com\/wp-content\/uploads\/2026\/02\/IMG_6473-1-1170x779_c-770x513.jpg 770w, https:\/\/www.lunakas.com\/wp-content\/uploads\/2026\/02\/IMG_6473-1-1170x779_c-484x323.jpg 484w, https:\/\/www.lunakas.com\/wp-content\/uploads\/2026\/02\/IMG_6473-1-1170x779_c-381x254.jpg 381w, https:\/\/www.lunakas.com\/wp-content\/uploads\/2026\/02\/IMG_6473-1-1170x779_c-81x54.jpg 81w, https:\/\/www.lunakas.com\/wp-content\/uploads\/2026\/02\/IMG_6473-1-1170x779_c-50x33.jpg 50w, https:\/\/www.lunakas.com\/wp-content\/uploads\/2026\/02\/IMG_6473-1-1170x779_c-217x144.jpg 217w, https:\/\/www.lunakas.com\/wp-content\/uploads\/2026\/02\/IMG_6473-1-1170x779_c.jpg 1170w\" sizes=\"(max-width: 1024px) 100vw, 1024px\" \/><\/figure>\n<\/div>\n\n\n<p>En 2019, cette propri\u00e9t\u00e9 unique a \u00e9t\u00e9 reprise par une \u00e9quipe locale : Ahmet et Can. Le b\u00e2timent a \u00e9t\u00e9 soigneusement r\u00e9nov\u00e9 et, tout en restant fid\u00e8le \u00e0 l\u2019esprit de Gordon et Marion, l\u2019H\u00f4tel Luna est n\u00e9. Ahmet, originaire de Ka\u015f, a grandi dans le secteur du tourisme, apprenant les subtilit\u00e9s de l\u2019h\u00f4tellerie d\u00e8s son enfance dans la maison d\u2019h\u00f4tes familiale. Aujourd\u2019hui, avec sa femme Marie et leurs trois enfants, il a transform\u00e9 l\u2019H\u00f4tel Luna en une v\u00e9ritable affaire de famille.<\/p>\n\n\n\n<p>Can, lui aussi natif de Ka\u015f, a grandi dans le monde du tourisme. Apr\u00e8s avoir rencontr\u00e9 sa femme G\u00fcl\u015fah \u00e0 \u0130zmit, celle-ci est elle aussi tomb\u00e9e sous le charme de ce village c\u00f4tier unique, et tous deux y ont construit une nouvelle vie. Avec leurs deux enfants, ils travaillent main dans la main avec Ahmet et sa famille pour faire de l\u2019H\u00f4tel Luna un lieu chaleureux, accueillant et confortable pour tous les voyageurs.<\/p>\n\n\n\n<h2 class=\"wp-block-heading has-text-align-center\">Ka\u015f : Un lieu dont on ne se lasse jamais de d\u00e9couvrir<\/h2>\n\n\n\n<p>Ka\u015f n\u2019est pas seulement une destination de vacances \u2014 c\u2019est une v\u00e9ritable exp\u00e9rience de vie. Bien qu\u2019il soit connu pour ses eaux cristallines et son atmosph\u00e8re paisible, il poss\u00e8de une \u00e2me bien plus profonde que ce que l\u2019on peut raconter. Histoire, nature et aventure s\u2019y entrem\u00ealent. C\u2019est pourquoi nous vous recommandons de visiter Ka\u015f non pas pour quelques jours, mais pour un **s\u00e9jour plus long**, si possible.<\/p>\n\n\n\n<p>\u00c0 quelques minutes en bateau depuis Ka\u015f se trouve l\u2019\u00eele grecque de Kastellorizo (Meis), avec ses ruelles color\u00e9es et son atmosph\u00e8re envo\u00fbtante, vous ouvrant les portes d\u2019un autre monde. Les passionn\u00e9s d\u2019histoire ne manqueront pas le th\u00e9\u00e2tre grandiose et les plages dor\u00e9es de Patara, ainsi que les vestiges exceptionnels de Xanthos et Letoon, class\u00e9s au patrimoine mondial de l\u2019UNESCO. Au canyon de Sakl\u0131kent, vous pourrez marcher dans des eaux glac\u00e9es et ressentir la force et la fra\u00eecheur de la nature \u00e0 chaque pas.<\/p>\n\n\n\n<p>\u00c0 Demre, d\u00e9couvrez les tombes rupestres impressionnantes de la cit\u00e9 antique de Myra, ainsi que l\u2019\u00e9glise Saint-Nicolas \u2014 connue comme le p\u00e8re No\u00ebl \u2014 pour plonger dans les richesses historiques de la r\u00e9gion. Un itin\u00e9raire plus vaste jusqu\u2019\u00e0 Fethiye vous offrira une exp\u00e9rience riche en histoire et en paysages naturels.<\/p>\n\n\n\n<p>Ka\u015f se distingue aussi par ses hauts plateaux. Pour ceux qui souhaitent fuir la chaleur estivale, les plateaux de Bezirgan et de G\u00f6mbe offrent un air frais et une nature verdoyante. Pour les amateurs de conduite, les environs de Ka\u015f sont un v\u00e9ritable paradis : routes sinueuses, vues imprenables sur la mer, villages cach\u00e9s\u2026 chaque trajet devient une aventure inoubliable.<\/p>\n\n\n\n<p>Pour d\u00e9couvrir encore plus et obtenir des conseils personnalis\u00e9s sur les itin\u00e9raires ou les visites, n\u2019h\u00e9sitez pas \u00e0 nous contacter. Toute l\u2019\u00e9quipe de l\u2019H\u00f4tel Luna est l\u00e0 pour vous faire vivre **le meilleur de Ka\u015f et de ses environs**.<\/p>\n\n\n        <section id=\"rooms\" class=\"wp-block-hotelface-rooms\" data-display-style=\"grid\">\n                                    \n                            <div class=\"row\">\n                <div class=\"col-12 col-md-4 my-3 my-md-0\">\n                <div class=\"row\">\n                    <div class=\"col-12\">\n                        <div class=\"hoveryImg medium mb-3\" style=\"background-image: url('https:\/\/www.lunakas.com\/wp-content\/uploads\/2025\/11\/EKONOMI\u0307K-1-484x323.jpg');\">\n                            <a href=\"https:\/\/www.lunakas.com\/fr\/room\/chambre-economique-au-rez-de-jardin\/\" title=\"Chambre \u00c9conomique au Rez-de-Jardin\" class=\"info\">\n                                <div class=\"hoveryCap\" style=\"background-image: url('https:\/\/www.lunakas.com\/wp-content\/uploads\/2025\/11\/EKONOMI\u0307K-1-484x323.jpg');\"><\/div>\n                                <h5>Chambre \u00c9conomique au Rez-de-Jardin<\/h5>\n                                <p>Confort douillet et charme de cour priv\u00e9e au meilleur prix<\/p>\n                            <\/a>\n                        <\/div>\n                    <\/div>\n                    <div class=\"col-12 d-flex flex-column justify-content-center mb-3\">\n                        <h3 class=\"mb-3\">\n                            Chambre \u00c9conomique au Rez-de-Jardin                        <\/h3>\n                        <p class=\"h5 text-dark\">\n                            Confort douillet et charme de cour priv\u00e9e au meilleur prix                        <\/p>\n                        <p>\n                            Nos chambres \u00e9conomiques au rez-de-jardin sont notre option la plus abordable, situ\u00e9es au niveau du jardin avec un acc\u00e8s \u00e0 des coins de d\u00e9tente priv\u00e9s dans la cour. Chaque chambre de 15 m\u00b2 dispose d&#8217;un lit double, d&#8217;un coin th\u00e9\/caf\u00e9, d&#8217;un mini-frigo, d&#8217;un s\u00e8che-cheveux, de la climatisation et d&#8217;un chauffe-eau.                        <\/p>\n                        <p>\n                            <a class=\"btn btn-pri-light btn-large mt-3\" title=\"Chambre \u00c9conomique au Rez-de-Jardin\" href=\"https:\/\/www.lunakas.com\/fr\/room\/chambre-economique-au-rez-de-jardin\/\">Explorer <i class=\"ms-2 fas fa-chevron-circle-right\"><\/i><\/a>                        <\/p>\n                    <\/div>\n                <\/div>\n            <\/div>\n                    <div class=\"col-12 col-md-4 my-3 my-md-0\">\n                <div class=\"row\">\n                    <div class=\"col-12\">\n                        <div class=\"hoveryImg medium mb-3\" style=\"background-image: url('https:\/\/www.lunakas.com\/wp-content\/uploads\/2025\/11\/ER0A4810-484x323.jpg');\">\n                            <a href=\"https:\/\/www.lunakas.com\/fr\/room\/chambre-economique\/\" title=\"Chambre \u00c9conomique\" class=\"info\">\n                                <div class=\"hoveryCap\" style=\"background-image: url('https:\/\/www.lunakas.com\/wp-content\/uploads\/2025\/11\/ER0A4810-484x323.jpg');\"><\/div>\n                                <h5>Chambre \u00c9conomique<\/h5>\n                                <p>Confort et Terrasse sur le Jardin<\/p>\n                            <\/a>\n                        <\/div>\n                    <\/div>\n                    <div class=\"col-12 d-flex flex-column justify-content-center mb-3\">\n                        <h3 class=\"mb-3\">\n                            Chambre \u00c9conomique                        <\/h3>\n                        <p class=\"h5 text-dark\">\n                            Confort et Terrasse sur le Jardin                        <\/p>\n                        <p>\n                            Nos chambres standards, situ\u00e9es au 2\u1d49 et 3\u1d49 \u00e9tage, accueillent deux personnes avec un lit double ou deux lits simples. Chaque chambre dispose d&#8217;une terrasse priv\u00e9e donnant sur le jardin.                        <\/p>\n                        <p>\n                            <a class=\"btn btn-pri-light btn-large mt-3\" title=\"Chambre \u00c9conomique\" href=\"https:\/\/www.lunakas.com\/fr\/room\/chambre-economique\/\">Explorer <i class=\"ms-2 fas fa-chevron-circle-right\"><\/i><\/a>                        <\/p>\n                    <\/div>\n                <\/div>\n            <\/div>\n                    <div class=\"col-12 col-md-4 my-3 my-md-0\">\n                <div class=\"row\">\n                    <div class=\"col-12\">\n                        <div class=\"hoveryImg medium mb-3\" style=\"background-image: url('https:\/\/www.lunakas.com\/wp-content\/uploads\/2025\/11\/12-484x323.jpg');\">\n                            <a href=\"https:\/\/www.lunakas.com\/fr\/room\/chambre-familiale-jardin\/\" title=\"Chambre Familiale Jardin\" class=\"info\">\n                                <div class=\"hoveryCap\" style=\"background-image: url('https:\/\/www.lunakas.com\/wp-content\/uploads\/2025\/11\/12-484x323.jpg');\"><\/div>\n                                <h5>Chambre Familiale Jardin<\/h5>\n                                <p>Confort Familial avec Acc\u00e8s au Jardin<\/p>\n                            <\/a>\n                        <\/div>\n                    <\/div>\n                    <div class=\"col-12 d-flex flex-column justify-content-center mb-3\">\n                        <h3 class=\"mb-3\">\n                            Chambre Familiale Jardin                        <\/h3>\n                        <p class=\"h5 text-dark\">\n                            Confort Familial avec Acc\u00e8s au Jardin                        <\/p>\n                        <p>\n                            Nos chambres familiales sont situ\u00e9es au rez-de-jardin et s&#8217;ouvrent sur des espaces de d\u00e9tente accessibles toute la journ\u00e9e. Con\u00e7ues pour le confort dans l&#8217;atmosph\u00e8re paisible de Ka\u015f, elles disposent d&#8217;un grand lit, de lits superpos\u00e9s et d&#8217;un canap\u00e9 convertible.                        <\/p>\n                        <p>\n                            <a class=\"btn btn-pri-light btn-large mt-3\" title=\"Chambre Familiale Jardin\" href=\"https:\/\/www.lunakas.com\/fr\/room\/chambre-familiale-jardin\/\">Explorer <i class=\"ms-2 fas fa-chevron-circle-right\"><\/i><\/a>                        <\/p>\n                    <\/div>\n                <\/div>\n            <\/div>\n                    <div class=\"col-12 col-md-4 my-3 my-md-0\">\n                <div class=\"row\">\n                    <div class=\"col-12\">\n                        <div class=\"hoveryImg medium mb-3\" style=\"background-image: url('https:\/\/www.lunakas.com\/wp-content\/uploads\/2025\/11\/6-484x323.jpg');\">\n                            <a href=\"https:\/\/www.lunakas.com\/fr\/room\/chambre-standard-au-rez-de-jardin\/\" title=\"Chambre Standard au Rez-de-Jardin\" class=\"info\">\n                                <div class=\"hoveryCap\" style=\"background-image: url('https:\/\/www.lunakas.com\/wp-content\/uploads\/2025\/11\/6-484x323.jpg');\"><\/div>\n                                <h5>Chambre Standard au Rez-de-Jardin<\/h5>\n                                <p>S\u00e9jour paisible pour couples et familles avec acc\u00e8s au jardin<\/p>\n                            <\/a>\n                        <\/div>\n                    <\/div>\n                    <div class=\"col-12 d-flex flex-column justify-content-center mb-3\">\n                        <h3 class=\"mb-3\">\n                            Chambre Standard au Rez-de-Jardin                        <\/h3>\n                        <p class=\"h5 text-dark\">\n                            S\u00e9jour paisible pour couples et familles avec acc\u00e8s au jardin                        <\/p>\n                        <p>\n                            Nos chambres standard au rez-de-jardin s&#8217;ouvrent sur des espaces communs de d\u00e9tente. Elles disposent d&#8217;un grand lit et peuvent accueillir jusqu&#8217;\u00e0 3 personnes avec un lit suppl\u00e9mentaire.                        <\/p>\n                        <p>\n                            <a class=\"btn btn-pri-light btn-large mt-3\" title=\"Chambre Standard au Rez-de-Jardin\" href=\"https:\/\/www.lunakas.com\/fr\/room\/chambre-standard-au-rez-de-jardin\/\">Explorer <i class=\"ms-2 fas fa-chevron-circle-right\"><\/i><\/a>                        <\/p>\n                    <\/div>\n                <\/div>\n            <\/div>\n                    <div class=\"col-12 col-md-4 my-3 my-md-0\">\n                <div class=\"row\">\n                    <div class=\"col-12\">\n                        <div class=\"hoveryImg medium mb-3\" style=\"background-image: url('https:\/\/www.lunakas.com\/wp-content\/uploads\/2025\/11\/ER0A2942-484x323.jpg');\">\n                            <a href=\"https:\/\/www.lunakas.com\/fr\/room\/chambre-double-standard\/\" title=\"Chambre Double Standard\" class=\"info\">\n                                <div class=\"hoveryCap\" style=\"background-image: url('https:\/\/www.lunakas.com\/wp-content\/uploads\/2025\/11\/ER0A2942-484x323.jpg');\"><\/div>\n                                <h5>Chambre Double Standard<\/h5>\n                                <p>S\u00e9jour Confortable avec Plaisir du Balcon<\/p>\n                            <\/a>\n                        <\/div>\n                    <\/div>\n                    <div class=\"col-12 d-flex flex-column justify-content-center mb-3\">\n                        <h3 class=\"mb-3\">\n                            Chambre Double Standard                        <\/h3>\n                        <p class=\"h5 text-dark\">\n                            S\u00e9jour Confortable avec Plaisir du Balcon                        <\/p>\n                        <p>\n                            Nos chambres standards sont situ\u00e9es au 2\u1d49 et 3\u1d49 \u00e9tage de notre h\u00f4tel et font 18 m\u00b2. Chaque chambre dispose d&#8217;un balcon priv\u00e9 avec un coin salon.                        <\/p>\n                        <p>\n                            <a class=\"btn btn-pri-light btn-large mt-3\" title=\"Chambre Double Standard\" href=\"https:\/\/www.lunakas.com\/fr\/room\/chambre-double-standard\/\">Explorer <i class=\"ms-2 fas fa-chevron-circle-right\"><\/i><\/a>                        <\/p>\n                    <\/div>\n                <\/div>\n            <\/div>\n                    <div class=\"col-12 col-md-4 my-3 my-md-0\">\n                <div class=\"row\">\n                    <div class=\"col-12\">\n                        <div class=\"hoveryImg medium mb-3\" style=\"background-image: url('https:\/\/www.lunakas.com\/wp-content\/uploads\/2025\/11\/ER0A3594-484x323.jpg');\">\n                            <a href=\"https:\/\/www.lunakas.com\/fr\/room\/chambre-double-triple-avec-vue-sur-mer\/\" title=\"Chambre Double\/Triple avec Vue sur Mer\" class=\"info\">\n                                <div class=\"hoveryCap\" style=\"background-image: url('https:\/\/www.lunakas.com\/wp-content\/uploads\/2025\/11\/ER0A3594-484x323.jpg');\"><\/div>\n                                <h5>Chambre Double\/Triple avec Vue sur Mer<\/h5>\n                                <p>Vues panoramiques sur la M\u00e9diterran\u00e9e pour un s\u00e9jour relaxant<\/p>\n                            <\/a>\n                        <\/div>\n                    <\/div>\n                    <div class=\"col-12 d-flex flex-column justify-content-center mb-3\">\n                        <h3 class=\"mb-3\">\n                            Chambre Double\/Triple avec Vue sur Mer                        <\/h3>\n                        <p class=\"h5 text-dark\">\n                            Vues panoramiques sur la M\u00e9diterran\u00e9e pour un s\u00e9jour relaxant                        <\/p>\n                        <p>\n                            Nos chambres avec vue sur mer, situ\u00e9es au 2\u1d49 et 3\u1d49 \u00e9tage, disposent de balcons priv\u00e9s avec coin salon et offrent une vue imprenable sur la M\u00e9diterran\u00e9e, Ka\u015f et l\u2019\u00eele de Meis.                        <\/p>\n                        <p>\n                            <a class=\"btn btn-pri-light btn-large mt-3\" title=\"Chambre Double\/Triple avec Vue sur Mer\" href=\"https:\/\/www.lunakas.com\/fr\/room\/chambre-double-triple-avec-vue-sur-mer\/\">Explorer <i class=\"ms-2 fas fa-chevron-circle-right\"><\/i><\/a>                        <\/p>\n                    <\/div>\n                <\/div>\n            <\/div>\n                    <div class=\"col-12 col-md-4 my-3 my-md-0\">\n                <div class=\"row\">\n                    <div class=\"col-12\">\n                        <div class=\"hoveryImg medium mb-3\" style=\"background-image: url('https:\/\/www.lunakas.com\/wp-content\/uploads\/2025\/11\/ER0A2867-484x323.jpg');\">\n                            <a href=\"https:\/\/www.lunakas.com\/fr\/room\/chambre-deluxe-avec-vue-sur-mer\/\" title=\"Chambre Deluxe avec Vue sur Mer\" class=\"info\">\n                                <div class=\"hoveryCap\" style=\"background-image: url('https:\/\/www.lunakas.com\/wp-content\/uploads\/2025\/11\/ER0A2867-484x323.jpg');\"><\/div>\n                                <h5>Chambre Deluxe avec Vue sur Mer<\/h5>\n                                <p>Vues \u00e9l\u00e9gantes sur la M\u00e9diterran\u00e9e pour un s\u00e9jour parfait<\/p>\n                            <\/a>\n                        <\/div>\n                    <\/div>\n                    <div class=\"col-12 d-flex flex-column justify-content-center mb-3\">\n                        <h3 class=\"mb-3\">\n                            Chambre Deluxe avec Vue sur Mer                        <\/h3>\n                        <p class=\"h5 text-dark\">\n                            Vues \u00e9l\u00e9gantes sur la M\u00e9diterran\u00e9e pour un s\u00e9jour parfait                        <\/p>\n                        <p>\n                            Nos chambres Deluxe avec vue sur mer, situ\u00e9es aux 2\u1d49 et 3\u1d49 \u00e9tages, offrent 18 m\u00b2 de confort avec un balcon priv\u00e9 donnant sur des vues panoramiques de la M\u00e9diterran\u00e9e, de Ka\u015f et de l&#8217;\u00eele de Meis.                        <\/p>\n                        <p>\n                            <a class=\"btn btn-pri-light btn-large mt-3\" title=\"Chambre Deluxe avec Vue sur Mer\" href=\"https:\/\/www.lunakas.com\/fr\/room\/chambre-deluxe-avec-vue-sur-mer\/\">Explorer <i class=\"ms-2 fas fa-chevron-circle-right\"><\/i><\/a>                        <\/p>\n                    <\/div>\n                <\/div>\n            <\/div>\n                    <div class=\"col-12 col-md-4 my-3 my-md-0\">\n                <div class=\"row\">\n                    <div class=\"col-12\">\n                        <div class=\"hoveryImg medium mb-3\" style=\"background-image: url('https:\/\/www.lunakas.com\/wp-content\/uploads\/2025\/11\/ER0A4642-484x323.jpg');\">\n                            <a href=\"https:\/\/www.lunakas.com\/fr\/room\/studio-avec-vue-sur-mer\/\" title=\"Studio avec Vue sur Mer\" class=\"info\">\n                                <div class=\"hoveryCap\" style=\"background-image: url('https:\/\/www.lunakas.com\/wp-content\/uploads\/2025\/11\/ER0A4642-484x323.jpg');\"><\/div>\n                                <h5>Studio avec Vue sur Mer<\/h5>\n                                <p>Un studio chaleureux avec une vue imprenable sur la M\u00e9diterran\u00e9e<\/p>\n                            <\/a>\n                        <\/div>\n                    <\/div>\n                    <div class=\"col-12 d-flex flex-column justify-content-center mb-3\">\n                        <h3 class=\"mb-3\">\n                            Studio avec Vue sur Mer                        <\/h3>\n                        <p class=\"h5 text-dark\">\n                            Un studio chaleureux avec une vue imprenable sur la M\u00e9diterran\u00e9e                        <\/p>\n                        <p>\n                            Notre studio avec vue sur mer, situ\u00e9 au 2\u1d49 \u00e9tage de notre h\u00f4tel, combine l\u2019architecture en pierre avec la nature verdoyante de Ka\u015f. Il dispose d&#8217;un lit double et d&#8217;un canap\u00e9 convertible, pouvant accueillir jusqu&#8217;\u00e0 3 personnes.                        <\/p>\n                        <p>\n                            <a class=\"btn btn-pri-light btn-large mt-3\" title=\"Studio avec Vue sur Mer\" href=\"https:\/\/www.lunakas.com\/fr\/room\/studio-avec-vue-sur-mer\/\">Explorer <i class=\"ms-2 fas fa-chevron-circle-right\"><\/i><\/a>                        <\/p>\n                    <\/div>\n                <\/div>\n            <\/div>\n                    <div class=\"col-12 col-md-4 my-3 my-md-0\">\n                <div class=\"row\">\n                    <div class=\"col-12\">\n                        <div class=\"hoveryImg medium mb-3\" style=\"background-image: url('https:\/\/www.lunakas.com\/wp-content\/uploads\/2025\/11\/ER0A4670-484x323.jpg');\">\n                            <a href=\"https:\/\/www.lunakas.com\/fr\/room\/suite-avec-terrasse-et-vue-sur-mer\/\" title=\"Suite avec Terrasse et Vue sur Mer\" class=\"info\">\n                                <div class=\"hoveryCap\" style=\"background-image: url('https:\/\/www.lunakas.com\/wp-content\/uploads\/2025\/11\/ER0A4670-484x323.jpg');\"><\/div>\n                                <h5>Suite avec Terrasse et Vue sur Mer<\/h5>\n                                <p>Un confort spacieux avec une vue imprenable sur la M\u00e9diterran\u00e9e<\/p>\n                            <\/a>\n                        <\/div>\n                    <\/div>\n                    <div class=\"col-12 d-flex flex-column justify-content-center mb-3\">\n                        <h3 class=\"mb-3\">\n                            Suite avec Terrasse et Vue sur Mer                        <\/h3>\n                        <p class=\"h5 text-dark\">\n                            Un confort spacieux avec une vue imprenable sur la M\u00e9diterran\u00e9e                        <\/p>\n                        <p>\n                            Notre Suite avec Terrasse et Vue sur Mer, situ\u00e9e au 1\u1d49\u02b3 \u00e9tage de notre h\u00f4tel, offre 25 m\u00b2 de confort avec un lit double et un canap\u00e9 convertible, pouvant accueillir jusqu&#8217;\u00e0 3 personnes.                        <\/p>\n                        <p>\n                            <a class=\"btn btn-pri-light btn-large mt-3\" title=\"Suite avec Terrasse et Vue sur Mer\" href=\"https:\/\/www.lunakas.com\/fr\/room\/suite-avec-terrasse-et-vue-sur-mer\/\">Explorer <i class=\"ms-2 fas fa-chevron-circle-right\"><\/i><\/a>                        <\/p>\n                    <\/div>\n                <\/div>\n            <\/div>\n                    <div class=\"col-12 col-md-4 my-3 my-md-0\">\n                <div class=\"row\">\n                    <div class=\"col-12\">\n                        <div class=\"hoveryImg medium mb-3\" style=\"background-image: url('https:\/\/www.lunakas.com\/wp-content\/uploads\/2025\/11\/ER0A6450-484x323.jpg');\">\n                            <a href=\"https:\/\/www.lunakas.com\/fr\/room\/suite-familiale-avec-vue-sur-mer\/\" title=\"Suite Familiale avec Vue sur Mer\" class=\"info\">\n                                <div class=\"hoveryCap\" style=\"background-image: url('https:\/\/www.lunakas.com\/wp-content\/uploads\/2025\/11\/ER0A6450-484x323.jpg');\"><\/div>\n                                <h5>Suite Familiale avec Vue sur Mer<\/h5>\n                                <p>Confort familial spacieux avec vue panoramique sur la M\u00e9diterran\u00e9e<\/p>\n                            <\/a>\n                        <\/div>\n                    <\/div>\n                    <div class=\"col-12 d-flex flex-column justify-content-center mb-3\">\n                        <h3 class=\"mb-3\">\n                            Suite Familiale avec Vue sur Mer                        <\/h3>\n                        <p class=\"h5 text-dark\">\n                            Confort familial spacieux avec vue panoramique sur la M\u00e9diterran\u00e9e                        <\/p>\n                        <p>\n                            Nos Suites Familiales avec Vue sur Mer sont situ\u00e9es aux 2\u1d49 et 3\u1d49 \u00e9tages de notre h\u00f4tel.\r\nElles comprennent 2 chambres, 1 salon et un balcon offrant une vue panoramique sur Ka\u015f, la M\u00e9diterran\u00e9e et l&#8217;\u00eele de Meis.                        <\/p>\n                        <p>\n                            <a class=\"btn btn-pri-light btn-large mt-3\" title=\"Suite Familiale avec Vue sur Mer\" href=\"https:\/\/www.lunakas.com\/fr\/room\/suite-familiale-avec-vue-sur-mer\/\">Explorer <i class=\"ms-2 fas fa-chevron-circle-right\"><\/i><\/a>                        <\/p>\n                    <\/div>\n                <\/div>\n            <\/div>\n        <\/div>\n                    <\/section>\n        ","protected":false},"excerpt":{"rendered":"<p>Le b\u00e2timent qui abrite aujourd\u2019hui l\u2019H\u00f4tel Luna est le fruit d\u2019une passion profonde pour Ka\u015f. Lorsque Gordon et Marion, un couple venu d\u2019Angleterre, ont d\u00e9couvert Ka\u015f pour la premi\u00e8re fois dans les ann\u00e9es 1980, ils sont tomb\u00e9s amoureux de ce charmant village m\u00e9diterran\u00e9en. Avec ses ruelles pittoresques, sa mer chaleureuse et ses habitants accueillants, Ka\u015f [&hellip;]<\/p>\n","protected":false},"author":1,"featured_media":0,"parent":0,"menu_order":0,"comment_status":"closed","ping_status":"closed","template":"","meta":{"footnotes":""},"class_list":["post-1269","page","type-page","status-publish","hentry"],"_links":{"self":[{"href":"https:\/\/www.lunakas.com\/fr\/wp-json\/wp\/v2\/pages\/1269","targetHints":{"allow":["GET"]}}],"collection":[{"href":"https:\/\/www.lunakas.com\/fr\/wp-json\/wp\/v2\/pages"}],"about":[{"href":"https:\/\/www.lunakas.com\/fr\/wp-json\/wp\/v2\/types\/page"}],"author":[{"embeddable":true,"href":"https:\/\/www.lunakas.com\/fr\/wp-json\/wp\/v2\/users\/1"}],"replies":[{"embeddable":true,"href":"https:\/\/www.lunakas.com\/fr\/wp-json\/wp\/v2\/comments?post=1269"}],"version-history":[{"count":0,"href":"https:\/\/www.lunakas.com\/fr\/wp-json\/wp\/v2\/pages\/1269\/revisions"}],"wp:attachment":[{"href":"https:\/\/www.lunakas.com\/fr\/wp-json\/wp\/v2\/media?parent=1269"}],"curies":[{"name":"wp","href":"https:\/\/api.w.org\/{rel}","templated":true}]}}